{"id":471,"date":"2021-03-12T11:14:20","date_gmt":"2021-03-12T09:14:20","guid":{"rendered":"https:\/\/paralympiarahasto.fi\/kontaktuppgifter\/"},"modified":"2021-03-22T14:31:17","modified_gmt":"2021-03-22T12:31:17","slug":"kontaktuppgifter","status":"publish","type":"page","link":"https:\/\/www.paralympiarahasto.fi\/sv\/kontaktuppgifter\/","title":{"rendered":"Kontaktuppgifter"},"content":{"rendered":"<p>[et_pb_section fb_built=&#8221;1&#8243; module_class=&#8221;section-module-norm&#8221; _builder_version=&#8221;4.9.0&#8243; _module_preset=&#8221;default&#8221; background_color=&#8221;RGBA(0,0,0,0)&#8221; background_image=&#8221;https:\/\/paralympiarahasto.fi\/wp-content\/uploads\/2021\/03\/Paralympiarahasto-home-img-3.jpg&#8221; background_size=&#8221;contain&#8221; background_position=&#8221;bottom_center&#8221; custom_margin=&#8221;||||false|false&#8221; custom_padding=&#8221;||||false|false&#8221;][et_pb_row column_structure=&#8221;1_2,1_2&#8243; use_custom_gutter=&#8221;on&#8221; gutter_width=&#8221;3&#8243; make_equal=&#8221;on&#8221; custom_padding_last_edited=&#8221;on|phone&#8221; module_class=&#8221;center-y&#8221; _builder_version=&#8221;4.9.0&#8243; _module_preset=&#8221;default&#8221; custom_padding=&#8221;75px||75px||false|false&#8221; custom_padding_tablet=&#8221;&#8221; custom_padding_phone=&#8221;0px||0px||false|false&#8221;][et_pb_column type=&#8221;1_2&#8243; _builder_version=&#8221;4.9.0&#8243; _module_preset=&#8221;default&#8221;][et_pb_text module_class=&#8221;text-blog-norm text-hor-center&#8221; _builder_version=&#8221;4.9.1&#8243; _module_preset=&#8221;default&#8221; custom_padding=&#8221;||||false|false&#8221; hover_enabled=&#8221;0&#8243; sticky_enabled=&#8221;0&#8243;]<\/p>\n<h1 style=\"text-align: left;\">Kontaktuppgifter<\/h1>\n<p style=\"text-align: left;\">Finlands Paralympiska kommitt\u00e9 ry administrerar Paralympiska fonden. Du kan vara i kontakt med oss ang\u00e5ende alla Paralympiska fondfr\u00e5gor och vi hj\u00e4lper g\u00e4rna dig att hitta b\u00e4sta s\u00e4ttet f\u00f6r dig att st\u00f6da f\u00f6r samh\u00e4llet viktig verksamhet.<\/p>\n<h3 style=\"text-align: left;\">Ta kontakt<\/h3>\n<p style=\"text-align: left;\">Timo M\u00e4kynen<br \/>tel. +358 40 159 8199<br \/><a href=\"mailto:timo.makynen@paralympia.fi\" title=\"Skicka ett mail till timo.makynen@paralympia.fi\">timo.makynen(a)paralympia.fi<\/a><\/p>\n<p>[\/et_pb_text][\/et_pb_column][et_pb_column type=&#8221;1_2&#8243; _builder_version=&#8221;4.9.0&#8243; _module_preset=&#8221;default&#8221;][et_pb_image src=&#8221;https:\/\/paralympiarahasto.fi\/wp-content\/uploads\/2021\/03\/Paralympiarahasto-Timo-Makynen-contact.png&#8221; alt=&#8221;Paralympiska fonden Timo M\u00e4kynen&#8221; title_text=&#8221;Paralympiska fonden Timo M\u00e4kynen&#8221; align=&#8221;center&#8221; module_class=&#8221;image-hor-center&#8221; _builder_version=&#8221;4.9.1&#8243; _module_preset=&#8221;default&#8221; width=&#8221;400px&#8221; animation_style=&#8221;slide&#8221; animation_direction=&#8221;right&#8221;][\/et_pb_image][\/et_pb_column][\/et_pb_row][\/et_pb_section]<\/p>\n","protected":false},"excerpt":{"rendered":"<p>Kontaktuppgifter Finlands Paralympiska kommitt\u00e9 ry administrerar Paralympiska fonden. Du kan vara i kontakt med oss ang\u00e5ende alla Paralympiska fondfr\u00e5gor och vi hj\u00e4lper g\u00e4rna dig att hitta b\u00e4sta s\u00e4ttet f\u00f6r dig att st\u00f6da f\u00f6r samh\u00e4llet viktig verksamhet. Ta kontakt Timo M\u00e4kynentel. +358 40 159 8199timo.makynen(a)paralympia.fi<\/p>\n","protected":false},"author":1,"featured_media":0,"parent":0,"menu_order":0,"comment_status":"closed","ping_status":"closed","template":"","meta":{"_et_pb_use_builder":"on","_et_pb_old_content":"","_et_gb_content_width":"","inline_featured_image":false,"footnotes":""},"class_list":["post-471","page","type-page","status-publish","hentry"],"yoast_head":"<!-- This site is optimized with the Yoast SEO plugin v27.5 - https:\/\/yoast.com\/product\/yoast-seo-wordpress\/ -->\n<title>Ta kontakt - Paralympiska fonden<\/title>\n<meta name=\"description\" content=\"Kontaktinformation f\u00f6r Paralympiska fonden . Du kan kontakta oss om du har fr\u00e5gor om Paralympiska fonden.\" \/>\n<meta name=\"robots\" content=\"index, follow, max-snippet:-1, max-image-preview:large, max-video-preview:-1\" \/>\n<link rel=\"canonical\" href=\"https:\/\/www.paralympiarahasto.fi\/sv\/kontaktuppgifter\/\" \/>\n<meta property=\"og:locale\" content=\"sv_SE\" \/>\n<meta property=\"og:type\" content=\"article\" \/>\n<meta property=\"og:title\" content=\"Ta kontakt - Paralympiska fonden\" \/>\n<meta property=\"og:description\" content=\"Kontaktinformation f\u00f6r Paralympiska fonden . Du kan kontakta oss om du har fr\u00e5gor om Paralympiska fonden.\" \/>\n<meta property=\"og:url\" content=\"https:\/\/www.paralympiarahasto.fi\/sv\/kontaktuppgifter\/\" \/>\n<meta property=\"og:site_name\" content=\"Paralympiarahasto\" \/>\n<meta property=\"article:publisher\" content=\"https:\/\/www.facebook.com\/paralympiakomitea\" \/>\n<meta property=\"article:modified_time\" content=\"2021-03-22T12:31:17+00:00\" \/>\n<meta property=\"og:image\" content=\"https:\/\/wp.tremedia.fi\/wp-content\/uploads\/2021\/03\/Paralympiarahasto-og-img.jpg\" \/>\n<meta name=\"twitter:card\" content=\"summary_large_image\" \/>\n<meta name=\"twitter:title\" content=\"Ta kontakt - Paralympiska fonden\" \/>\n<meta name=\"twitter:description\" content=\"Kontaktinformation f\u00f6r Paralympiska fonden . Du kan kontakta oss om du har fr\u00e5gor om Paralympiska fonden.\" \/>\n<meta name=\"twitter:image\" content=\"https:\/\/wp.tremedia.fi\/wp-content\/uploads\/2021\/03\/Paralympiarahasto-og-img.jpg\" \/>\n<meta name=\"twitter:site\" content=\"@finnparalympic\" \/>\n<meta name=\"twitter:label1\" content=\"Ber\u00e4knad l\u00e4stid\" \/>\n\t<meta name=\"twitter:data1\" content=\"1 minut\" \/>\n<script type=\"application\/ld+json\" class=\"yoast-schema-graph\">{\"@context\":\"https:\\\/\\\/schema.org\",\"@graph\":[{\"@type\":\"WebPage\",\"@id\":\"https:\\\/\\\/www.paralympiarahasto.fi\\\/sv\\\/kontaktuppgifter\\\/\",\"url\":\"https:\\\/\\\/www.paralympiarahasto.fi\\\/sv\\\/kontaktuppgifter\\\/\",\"name\":\"Ta kontakt - Paralympiska fonden\",\"isPartOf\":{\"@id\":\"https:\\\/\\\/www.paralympiarahasto.fi\\\/#website\"},\"datePublished\":\"2021-03-12T09:14:20+00:00\",\"dateModified\":\"2021-03-22T12:31:17+00:00\",\"description\":\"Kontaktinformation f\u00f6r Paralympiska fonden . Du kan kontakta oss om du har fr\u00e5gor om Paralympiska fonden.\",\"breadcrumb\":{\"@id\":\"https:\\\/\\\/www.paralympiarahasto.fi\\\/sv\\\/kontaktuppgifter\\\/#breadcrumb\"},\"inLanguage\":\"sv-SE\",\"potentialAction\":[{\"@type\":\"ReadAction\",\"target\":[\"https:\\\/\\\/www.paralympiarahasto.fi\\\/sv\\\/kontaktuppgifter\\\/\"]}]},{\"@type\":\"BreadcrumbList\",\"@id\":\"https:\\\/\\\/www.paralympiarahasto.fi\\\/sv\\\/kontaktuppgifter\\\/#breadcrumb\",\"itemListElement\":[{\"@type\":\"ListItem\",\"position\":1,\"name\":\"Framsida\",\"item\":\"https:\\\/\\\/www.paralympiarahasto.fi\\\/sv\\\/framsida\\\/\"},{\"@type\":\"ListItem\",\"position\":2,\"name\":\"Kontaktuppgifter\"}]},{\"@type\":\"WebSite\",\"@id\":\"https:\\\/\\\/www.paralympiarahasto.fi\\\/#website\",\"url\":\"https:\\\/\\\/www.paralympiarahasto.fi\\\/\",\"name\":\"Paralympiarahasto\",\"description\":\"Ole mukana muutoksen tekij&auml;n&auml;!\",\"publisher\":{\"@id\":\"https:\\\/\\\/www.paralympiarahasto.fi\\\/#organization\"},\"potentialAction\":[{\"@type\":\"SearchAction\",\"target\":{\"@type\":\"EntryPoint\",\"urlTemplate\":\"https:\\\/\\\/www.paralympiarahasto.fi\\\/?s={search_term_string}\"},\"query-input\":{\"@type\":\"PropertyValueSpecification\",\"valueRequired\":true,\"valueName\":\"search_term_string\"}}],\"inLanguage\":\"sv-SE\"},{\"@type\":\"Organization\",\"@id\":\"https:\\\/\\\/www.paralympiarahasto.fi\\\/#organization\",\"name\":\"Suomen Paralympiakomitea ry\",\"url\":\"https:\\\/\\\/www.paralympiarahasto.fi\\\/\",\"logo\":{\"@type\":\"ImageObject\",\"inLanguage\":\"sv-SE\",\"@id\":\"https:\\\/\\\/www.paralympiarahasto.fi\\\/#\\\/schema\\\/logo\\\/image\\\/\",\"url\":\"http:\\\/\\\/paralympiarahasto.fi\\\/wp-content\\\/uploads\\\/2021\\\/08\\\/xsuomen_paralympiakomitea_logo_cmyk_levea-1.png.pagespeed.ic_.aIEbAzOAwG.webp\",\"contentUrl\":\"http:\\\/\\\/paralympiarahasto.fi\\\/wp-content\\\/uploads\\\/2021\\\/08\\\/xsuomen_paralympiakomitea_logo_cmyk_levea-1.png.pagespeed.ic_.aIEbAzOAwG.webp\",\"width\":2000,\"height\":1000,\"caption\":\"Suomen Paralympiakomitea ry\"},\"image\":{\"@id\":\"https:\\\/\\\/www.paralympiarahasto.fi\\\/#\\\/schema\\\/logo\\\/image\\\/\"},\"sameAs\":[\"https:\\\/\\\/www.facebook.com\\\/paralympiakomitea\",\"https:\\\/\\\/x.com\\\/finnparalympic\",\"https:\\\/\\\/www.instagram.com\\\/finnparalympic\\\/\"]}]}<\/script>\n<!-- \/ Yoast SEO plugin. -->","yoast_head_json":{"title":"Ta kontakt - Paralympiska fonden","description":"Kontaktinformation f\u00f6r Paralympiska fonden . Du kan kontakta oss om du har fr\u00e5gor om Paralympiska fonden.","robots":{"index":"index","follow":"follow","max-snippet":"max-snippet:-1","max-image-preview":"max-image-preview:large","max-video-preview":"max-video-preview:-1"},"canonical":"https:\/\/www.paralympiarahasto.fi\/sv\/kontaktuppgifter\/","og_locale":"sv_SE","og_type":"article","og_title":"Ta kontakt - Paralympiska fonden","og_description":"Kontaktinformation f\u00f6r Paralympiska fonden . Du kan kontakta oss om du har fr\u00e5gor om Paralympiska fonden.","og_url":"https:\/\/www.paralympiarahasto.fi\/sv\/kontaktuppgifter\/","og_site_name":"Paralympiarahasto","article_publisher":"https:\/\/www.facebook.com\/paralympiakomitea","article_modified_time":"2021-03-22T12:31:17+00:00","og_image":[{"url":"https:\/\/wp.tremedia.fi\/wp-content\/uploads\/2021\/03\/Paralympiarahasto-og-img.jpg","type":"","width":"","height":""}],"twitter_card":"summary_large_image","twitter_title":"Ta kontakt - Paralympiska fonden","twitter_description":"Kontaktinformation f\u00f6r Paralympiska fonden . Du kan kontakta oss om du har fr\u00e5gor om Paralympiska fonden.","twitter_image":"https:\/\/wp.tremedia.fi\/wp-content\/uploads\/2021\/03\/Paralympiarahasto-og-img.jpg","twitter_site":"@finnparalympic","twitter_misc":{"Ber\u00e4knad l\u00e4stid":"1 minut"},"schema":{"@context":"https:\/\/schema.org","@graph":[{"@type":"WebPage","@id":"https:\/\/www.paralympiarahasto.fi\/sv\/kontaktuppgifter\/","url":"https:\/\/www.paralympiarahasto.fi\/sv\/kontaktuppgifter\/","name":"Ta kontakt - Paralympiska fonden","isPartOf":{"@id":"https:\/\/www.paralympiarahasto.fi\/#website"},"datePublished":"2021-03-12T09:14:20+00:00","dateModified":"2021-03-22T12:31:17+00:00","description":"Kontaktinformation f\u00f6r Paralympiska fonden . Du kan kontakta oss om du har fr\u00e5gor om Paralympiska fonden.","breadcrumb":{"@id":"https:\/\/www.paralympiarahasto.fi\/sv\/kontaktuppgifter\/#breadcrumb"},"inLanguage":"sv-SE","potentialAction":[{"@type":"ReadAction","target":["https:\/\/www.paralympiarahasto.fi\/sv\/kontaktuppgifter\/"]}]},{"@type":"BreadcrumbList","@id":"https:\/\/www.paralympiarahasto.fi\/sv\/kontaktuppgifter\/#breadcrumb","itemListElement":[{"@type":"ListItem","position":1,"name":"Framsida","item":"https:\/\/www.paralympiarahasto.fi\/sv\/framsida\/"},{"@type":"ListItem","position":2,"name":"Kontaktuppgifter"}]},{"@type":"WebSite","@id":"https:\/\/www.paralympiarahasto.fi\/#website","url":"https:\/\/www.paralympiarahasto.fi\/","name":"Paralympiarahasto","description":"Ole mukana muutoksen tekij&auml;n&auml;!","publisher":{"@id":"https:\/\/www.paralympiarahasto.fi\/#organization"},"potentialAction":[{"@type":"SearchAction","target":{"@type":"EntryPoint","urlTemplate":"https:\/\/www.paralympiarahasto.fi\/?s={search_term_string}"},"query-input":{"@type":"PropertyValueSpecification","valueRequired":true,"valueName":"search_term_string"}}],"inLanguage":"sv-SE"},{"@type":"Organization","@id":"https:\/\/www.paralympiarahasto.fi\/#organization","name":"Suomen Paralympiakomitea ry","url":"https:\/\/www.paralympiarahasto.fi\/","logo":{"@type":"ImageObject","inLanguage":"sv-SE","@id":"https:\/\/www.paralympiarahasto.fi\/#\/schema\/logo\/image\/","url":"http:\/\/paralympiarahasto.fi\/wp-content\/uploads\/2021\/08\/xsuomen_paralympiakomitea_logo_cmyk_levea-1.png.pagespeed.ic_.aIEbAzOAwG.webp","contentUrl":"http:\/\/paralympiarahasto.fi\/wp-content\/uploads\/2021\/08\/xsuomen_paralympiakomitea_logo_cmyk_levea-1.png.pagespeed.ic_.aIEbAzOAwG.webp","width":2000,"height":1000,"caption":"Suomen Paralympiakomitea ry"},"image":{"@id":"https:\/\/www.paralympiarahasto.fi\/#\/schema\/logo\/image\/"},"sameAs":["https:\/\/www.facebook.com\/paralympiakomitea","https:\/\/x.com\/finnparalympic","https:\/\/www.instagram.com\/finnparalympic\/"]}]}},"_links":{"self":[{"href":"https:\/\/www.paralympiarahasto.fi\/sv\/wp-json\/wp\/v2\/pages\/471","targetHints":{"allow":["GET"]}}],"collection":[{"href":"https:\/\/www.paralympiarahasto.fi\/sv\/wp-json\/wp\/v2\/pages"}],"about":[{"href":"https:\/\/www.paralympiarahasto.fi\/sv\/wp-json\/wp\/v2\/types\/page"}],"author":[{"embeddable":true,"href":"https:\/\/www.paralympiarahasto.fi\/sv\/wp-json\/wp\/v2\/users\/1"}],"replies":[{"embeddable":true,"href":"https:\/\/www.paralympiarahasto.fi\/sv\/wp-json\/wp\/v2\/comments?post=471"}],"version-history":[{"count":0,"href":"https:\/\/www.paralympiarahasto.fi\/sv\/wp-json\/wp\/v2\/pages\/471\/revisions"}],"wp:attachment":[{"href":"https:\/\/www.paralympiarahasto.fi\/sv\/wp-json\/wp\/v2\/media?parent=471"}],"curies":[{"name":"wp","href":"https:\/\/api.w.org\/{rel}","templated":true}]}}