{"id":459,"date":"2021-03-12T10:58:34","date_gmt":"2021-03-12T08:58:34","guid":{"rendered":"https:\/\/paralympiarahasto.fi\/testamentdonation\/"},"modified":"2021-08-12T11:01:11","modified_gmt":"2021-08-12T08:01:11","slug":"testamentdonation","status":"publish","type":"page","link":"https:\/\/www.paralympiarahasto.fi\/sv\/testamentdonation\/","title":{"rendered":"Testamentdonation"},"content":{"rendered":"<p>[et_pb_section fb_built=&#8221;1&#8243; module_class=&#8221;section-module-norm section-module-norm-no-top&#8221; _builder_version=&#8221;4.9.0&#8243; _module_preset=&#8221;default&#8221; background_color=&#8221;RGBA(0,0,0,0)&#8221; background_image=&#8221;https:\/\/paralympiarahasto.fi\/wp-content\/uploads\/2021\/03\/Paralympiarahasto-home-img-3.jpg&#8221; background_size=&#8221;contain&#8221; background_position=&#8221;bottom_center&#8221; custom_margin=&#8221;||||false|false&#8221; custom_padding=&#8221;||||false|false&#8221; locked=&#8221;off&#8221;][et_pb_row use_custom_gutter=&#8221;on&#8221; gutter_width=&#8221;3&#8243; make_equal=&#8221;on&#8221; _builder_version=&#8221;4.9.2&#8243; _module_preset=&#8221;default&#8221;][et_pb_column type=&#8221;4_4&#8243; _builder_version=&#8221;4.9.0&#8243; _module_preset=&#8221;default&#8221;][et_pb_text module_class=&#8221;text-blog-norm text-hor-center&#8221; _builder_version=&#8221;4.9.2&#8243; _module_preset=&#8221;default&#8221; custom_padding=&#8221;||||false|false&#8221; hover_enabled=&#8221;0&#8243; sticky_enabled=&#8221;0&#8243;]<\/p>\n<h1 style=\"text-align: center;\">Skapa ett h\u00e5llande fingeravtryck via testamentet!<\/h1>\n<p style=\"text-align: center;\">Via testamentdonering l\u00e4mnar du ett arv f\u00f6r en j\u00e4mlikare m\u00f6jlighet f\u00f6r personen med funktionsvariationer och personer som beh\u00f6ver st\u00f6d att motionera, ha hobby och t\u00e4vla<\/p>\n<p style=\"text-align: center;\">Paralympiska fonden s\u00e4krar paraidrottens verksamhetsm\u00f6jligheteters framtid och skapar f\u00f6ruts\u00e4ttningar f\u00f6r en j\u00e4mst\u00e4lld idrott. St\u00f6det anv\u00e4nds ansvarsfullt och transparent och m\u00e5let med fonden \u00e4r att s\u00e4kra personer med funktionsvariationers framtida m\u00f6jligheter att r\u00f6ra p\u00e5 sig, ha hobby och t\u00e4vla.<\/p>\n<p style=\"text-align: center;\">Om du vill st\u00f6da Finlands Paralympiska kommitt\u00e9 i ditt testament, hj\u00e4lper v\u00e5ra samarbetspartners dig att skriva testamentet.<\/p>\n<p style=\"text-align: center;\">Finlands Paralympiska kommitt\u00e9 \u00e4r en allm\u00e4nnyttig organisation, som inte beh\u00f6ver betala skatt f\u00f6r inkasserad egendom, varvid den riktas fullst\u00e4ndigt till Paralympiska fonden och dess st\u00f6dande m\u00e5l.<\/p>\n<p>[\/et_pb_text][et_pb_image src=&#8221;https:\/\/paralympiarahasto.fi\/wp-content\/uploads\/2021\/08\/Paralympiarahasto-testamanttilahjoitus-img-1-500px.png&#8221; alt=&#8221;Paralympisk Testamentdonation sida bild &#8211; boccia&#8221; title_text=&#8221;Paralympisk Testamentdonation&#8221; align=&#8221;center&#8221; _builder_version=&#8221;4.9.2&#8243; _module_preset=&#8221;default&#8221; max_width=&#8221;800px&#8221; custom_padding=&#8221;||50px||false|false&#8221; animation_style=&#8221;slide&#8221; animation_direction=&#8221;bottom&#8221;][\/et_pb_image][\/et_pb_column][\/et_pb_row][\/et_pb_section]<\/p>\n","protected":false},"excerpt":{"rendered":"<p>Skapa ett h\u00e5llande fingeravtryck via testamentet! Via testamentdonering l\u00e4mnar du ett arv f\u00f6r en j\u00e4mlikare m\u00f6jlighet f\u00f6r personen med funktionsvariationer och personer som beh\u00f6ver st\u00f6d att motionera, ha hobby och t\u00e4vla Paralympiska fonden s\u00e4krar paraidrottens verksamhetsm\u00f6jligheteters framtid och skapar f\u00f6ruts\u00e4ttningar f\u00f6r en j\u00e4mst\u00e4lld idrott. St\u00f6det anv\u00e4nds ansvarsfullt och transparent och m\u00e5let med fonden \u00e4r att [&hellip;]<\/p>\n","protected":false},"author":1,"featured_media":0,"parent":0,"menu_order":0,"comment_status":"closed","ping_status":"closed","template":"","meta":{"_et_pb_use_builder":"on","_et_pb_old_content":"","_et_gb_content_width":"","inline_featured_image":false,"footnotes":""},"class_list":["post-459","page","type-page","status-publish","hentry"],"yoast_head":"<!-- This site is optimized with the Yoast SEO plugin v27.5 - https:\/\/yoast.com\/product\/yoast-seo-wordpress\/ -->\n<title>En testament\u00e4r donation \u00e4r ett h\u00e5llbart fingeravtryck - Paralympiska fonden<\/title>\n<meta name=\"description\" content=\"Det testament\u00e4ra arvet l\u00e4mnar en mer j\u00e4mlik m\u00f6jlighet f\u00f6r personer med funktionsvariationer och de som beh\u00f6ver st\u00f6d f\u00f6r att r\u00f6ra sig, tr\u00e4na och t\u00e4vla.\" \/>\n<meta name=\"robots\" content=\"index, follow, max-snippet:-1, max-image-preview:large, max-video-preview:-1\" \/>\n<link rel=\"canonical\" href=\"https:\/\/www.paralympiarahasto.fi\/sv\/testamentdonation\/\" \/>\n<meta property=\"og:locale\" content=\"sv_SE\" \/>\n<meta property=\"og:type\" content=\"article\" \/>\n<meta property=\"og:title\" content=\"En testament\u00e4r donation \u00e4r ett h\u00e5llbart fingeravtryck - Paralympiska fonden\" \/>\n<meta property=\"og:description\" content=\"Det testament\u00e4ra arvet l\u00e4mnar en mer j\u00e4mlik m\u00f6jlighet f\u00f6r personer med funktionsvariationer och de som beh\u00f6ver st\u00f6d f\u00f6r att r\u00f6ra sig, tr\u00e4na och t\u00e4vla.\" \/>\n<meta property=\"og:url\" content=\"https:\/\/www.paralympiarahasto.fi\/sv\/testamentdonation\/\" \/>\n<meta property=\"og:site_name\" content=\"Paralympiarahasto\" \/>\n<meta property=\"article:publisher\" content=\"https:\/\/www.facebook.com\/paralympiakomitea\" \/>\n<meta property=\"article:modified_time\" content=\"2021-08-12T08:01:11+00:00\" \/>\n<meta property=\"og:image\" content=\"https:\/\/wp.tremedia.fi\/wp-content\/uploads\/2021\/03\/Paralympiarahasto-og-img.jpg\" \/>\n<meta name=\"twitter:card\" content=\"summary_large_image\" \/>\n<meta name=\"twitter:title\" content=\"En testament\u00e4r donation \u00e4r ett h\u00e5llbart fingeravtryck - Paralympiska fonden\" \/>\n<meta name=\"twitter:description\" content=\"Det testament\u00e4ra arvet l\u00e4mnar en mer j\u00e4mlik m\u00f6jlighet f\u00f6r personer med funktionsvariationer och de som beh\u00f6ver st\u00f6d f\u00f6r att r\u00f6ra sig, tr\u00e4na och t\u00e4vla.\" \/>\n<meta name=\"twitter:image\" content=\"https:\/\/wp.tremedia.fi\/wp-content\/uploads\/2021\/03\/Paralympiarahasto-og-img.jpg\" \/>\n<meta name=\"twitter:site\" content=\"@finnparalympic\" \/>\n<meta name=\"twitter:label1\" content=\"Ber\u00e4knad l\u00e4stid\" \/>\n\t<meta name=\"twitter:data1\" content=\"1 minut\" \/>\n<script type=\"application\/ld+json\" class=\"yoast-schema-graph\">{\"@context\":\"https:\\\/\\\/schema.org\",\"@graph\":[{\"@type\":\"WebPage\",\"@id\":\"https:\\\/\\\/www.paralympiarahasto.fi\\\/sv\\\/testamentdonation\\\/\",\"url\":\"https:\\\/\\\/www.paralympiarahasto.fi\\\/sv\\\/testamentdonation\\\/\",\"name\":\"En testament\u00e4r donation \u00e4r ett h\u00e5llbart fingeravtryck - Paralympiska fonden\",\"isPartOf\":{\"@id\":\"https:\\\/\\\/www.paralympiarahasto.fi\\\/#website\"},\"datePublished\":\"2021-03-12T08:58:34+00:00\",\"dateModified\":\"2021-08-12T08:01:11+00:00\",\"description\":\"Det testament\u00e4ra arvet l\u00e4mnar en mer j\u00e4mlik m\u00f6jlighet f\u00f6r personer med funktionsvariationer och de som beh\u00f6ver st\u00f6d f\u00f6r att r\u00f6ra sig, tr\u00e4na och t\u00e4vla.\",\"breadcrumb\":{\"@id\":\"https:\\\/\\\/www.paralympiarahasto.fi\\\/sv\\\/testamentdonation\\\/#breadcrumb\"},\"inLanguage\":\"sv-SE\",\"potentialAction\":[{\"@type\":\"ReadAction\",\"target\":[\"https:\\\/\\\/www.paralympiarahasto.fi\\\/sv\\\/testamentdonation\\\/\"]}]},{\"@type\":\"BreadcrumbList\",\"@id\":\"https:\\\/\\\/www.paralympiarahasto.fi\\\/sv\\\/testamentdonation\\\/#breadcrumb\",\"itemListElement\":[{\"@type\":\"ListItem\",\"position\":1,\"name\":\"Framsida\",\"item\":\"https:\\\/\\\/www.paralympiarahasto.fi\\\/sv\\\/framsida\\\/\"},{\"@type\":\"ListItem\",\"position\":2,\"name\":\"Testamentdonation\"}]},{\"@type\":\"WebSite\",\"@id\":\"https:\\\/\\\/www.paralympiarahasto.fi\\\/#website\",\"url\":\"https:\\\/\\\/www.paralympiarahasto.fi\\\/\",\"name\":\"Paralympiarahasto\",\"description\":\"Ole mukana muutoksen tekij&auml;n&auml;!\",\"publisher\":{\"@id\":\"https:\\\/\\\/www.paralympiarahasto.fi\\\/#organization\"},\"potentialAction\":[{\"@type\":\"SearchAction\",\"target\":{\"@type\":\"EntryPoint\",\"urlTemplate\":\"https:\\\/\\\/www.paralympiarahasto.fi\\\/?s={search_term_string}\"},\"query-input\":{\"@type\":\"PropertyValueSpecification\",\"valueRequired\":true,\"valueName\":\"search_term_string\"}}],\"inLanguage\":\"sv-SE\"},{\"@type\":\"Organization\",\"@id\":\"https:\\\/\\\/www.paralympiarahasto.fi\\\/#organization\",\"name\":\"Suomen Paralympiakomitea ry\",\"url\":\"https:\\\/\\\/www.paralympiarahasto.fi\\\/\",\"logo\":{\"@type\":\"ImageObject\",\"inLanguage\":\"sv-SE\",\"@id\":\"https:\\\/\\\/www.paralympiarahasto.fi\\\/#\\\/schema\\\/logo\\\/image\\\/\",\"url\":\"http:\\\/\\\/paralympiarahasto.fi\\\/wp-content\\\/uploads\\\/2021\\\/08\\\/xsuomen_paralympiakomitea_logo_cmyk_levea-1.png.pagespeed.ic_.aIEbAzOAwG.webp\",\"contentUrl\":\"http:\\\/\\\/paralympiarahasto.fi\\\/wp-content\\\/uploads\\\/2021\\\/08\\\/xsuomen_paralympiakomitea_logo_cmyk_levea-1.png.pagespeed.ic_.aIEbAzOAwG.webp\",\"width\":2000,\"height\":1000,\"caption\":\"Suomen Paralympiakomitea ry\"},\"image\":{\"@id\":\"https:\\\/\\\/www.paralympiarahasto.fi\\\/#\\\/schema\\\/logo\\\/image\\\/\"},\"sameAs\":[\"https:\\\/\\\/www.facebook.com\\\/paralympiakomitea\",\"https:\\\/\\\/x.com\\\/finnparalympic\",\"https:\\\/\\\/www.instagram.com\\\/finnparalympic\\\/\"]}]}<\/script>\n<!-- \/ Yoast SEO plugin. -->","yoast_head_json":{"title":"En testament\u00e4r donation \u00e4r ett h\u00e5llbart fingeravtryck - Paralympiska fonden","description":"Det testament\u00e4ra arvet l\u00e4mnar en mer j\u00e4mlik m\u00f6jlighet f\u00f6r personer med funktionsvariationer och de som beh\u00f6ver st\u00f6d f\u00f6r att r\u00f6ra sig, tr\u00e4na och t\u00e4vla.","robots":{"index":"index","follow":"follow","max-snippet":"max-snippet:-1","max-image-preview":"max-image-preview:large","max-video-preview":"max-video-preview:-1"},"canonical":"https:\/\/www.paralympiarahasto.fi\/sv\/testamentdonation\/","og_locale":"sv_SE","og_type":"article","og_title":"En testament\u00e4r donation \u00e4r ett h\u00e5llbart fingeravtryck - Paralympiska fonden","og_description":"Det testament\u00e4ra arvet l\u00e4mnar en mer j\u00e4mlik m\u00f6jlighet f\u00f6r personer med funktionsvariationer och de som beh\u00f6ver st\u00f6d f\u00f6r att r\u00f6ra sig, tr\u00e4na och t\u00e4vla.","og_url":"https:\/\/www.paralympiarahasto.fi\/sv\/testamentdonation\/","og_site_name":"Paralympiarahasto","article_publisher":"https:\/\/www.facebook.com\/paralympiakomitea","article_modified_time":"2021-08-12T08:01:11+00:00","og_image":[{"url":"https:\/\/wp.tremedia.fi\/wp-content\/uploads\/2021\/03\/Paralympiarahasto-og-img.jpg","type":"","width":"","height":""}],"twitter_card":"summary_large_image","twitter_title":"En testament\u00e4r donation \u00e4r ett h\u00e5llbart fingeravtryck - Paralympiska fonden","twitter_description":"Det testament\u00e4ra arvet l\u00e4mnar en mer j\u00e4mlik m\u00f6jlighet f\u00f6r personer med funktionsvariationer och de som beh\u00f6ver st\u00f6d f\u00f6r att r\u00f6ra sig, tr\u00e4na och t\u00e4vla.","twitter_image":"https:\/\/wp.tremedia.fi\/wp-content\/uploads\/2021\/03\/Paralympiarahasto-og-img.jpg","twitter_site":"@finnparalympic","twitter_misc":{"Ber\u00e4knad l\u00e4stid":"1 minut"},"schema":{"@context":"https:\/\/schema.org","@graph":[{"@type":"WebPage","@id":"https:\/\/www.paralympiarahasto.fi\/sv\/testamentdonation\/","url":"https:\/\/www.paralympiarahasto.fi\/sv\/testamentdonation\/","name":"En testament\u00e4r donation \u00e4r ett h\u00e5llbart fingeravtryck - Paralympiska fonden","isPartOf":{"@id":"https:\/\/www.paralympiarahasto.fi\/#website"},"datePublished":"2021-03-12T08:58:34+00:00","dateModified":"2021-08-12T08:01:11+00:00","description":"Det testament\u00e4ra arvet l\u00e4mnar en mer j\u00e4mlik m\u00f6jlighet f\u00f6r personer med funktionsvariationer och de som beh\u00f6ver st\u00f6d f\u00f6r att r\u00f6ra sig, tr\u00e4na och t\u00e4vla.","breadcrumb":{"@id":"https:\/\/www.paralympiarahasto.fi\/sv\/testamentdonation\/#breadcrumb"},"inLanguage":"sv-SE","potentialAction":[{"@type":"ReadAction","target":["https:\/\/www.paralympiarahasto.fi\/sv\/testamentdonation\/"]}]},{"@type":"BreadcrumbList","@id":"https:\/\/www.paralympiarahasto.fi\/sv\/testamentdonation\/#breadcrumb","itemListElement":[{"@type":"ListItem","position":1,"name":"Framsida","item":"https:\/\/www.paralympiarahasto.fi\/sv\/framsida\/"},{"@type":"ListItem","position":2,"name":"Testamentdonation"}]},{"@type":"WebSite","@id":"https:\/\/www.paralympiarahasto.fi\/#website","url":"https:\/\/www.paralympiarahasto.fi\/","name":"Paralympiarahasto","description":"Ole mukana muutoksen tekij&auml;n&auml;!","publisher":{"@id":"https:\/\/www.paralympiarahasto.fi\/#organization"},"potentialAction":[{"@type":"SearchAction","target":{"@type":"EntryPoint","urlTemplate":"https:\/\/www.paralympiarahasto.fi\/?s={search_term_string}"},"query-input":{"@type":"PropertyValueSpecification","valueRequired":true,"valueName":"search_term_string"}}],"inLanguage":"sv-SE"},{"@type":"Organization","@id":"https:\/\/www.paralympiarahasto.fi\/#organization","name":"Suomen Paralympiakomitea ry","url":"https:\/\/www.paralympiarahasto.fi\/","logo":{"@type":"ImageObject","inLanguage":"sv-SE","@id":"https:\/\/www.paralympiarahasto.fi\/#\/schema\/logo\/image\/","url":"http:\/\/paralympiarahasto.fi\/wp-content\/uploads\/2021\/08\/xsuomen_paralympiakomitea_logo_cmyk_levea-1.png.pagespeed.ic_.aIEbAzOAwG.webp","contentUrl":"http:\/\/paralympiarahasto.fi\/wp-content\/uploads\/2021\/08\/xsuomen_paralympiakomitea_logo_cmyk_levea-1.png.pagespeed.ic_.aIEbAzOAwG.webp","width":2000,"height":1000,"caption":"Suomen Paralympiakomitea ry"},"image":{"@id":"https:\/\/www.paralympiarahasto.fi\/#\/schema\/logo\/image\/"},"sameAs":["https:\/\/www.facebook.com\/paralympiakomitea","https:\/\/x.com\/finnparalympic","https:\/\/www.instagram.com\/finnparalympic\/"]}]}},"_links":{"self":[{"href":"https:\/\/www.paralympiarahasto.fi\/sv\/wp-json\/wp\/v2\/pages\/459","targetHints":{"allow":["GET"]}}],"collection":[{"href":"https:\/\/www.paralympiarahasto.fi\/sv\/wp-json\/wp\/v2\/pages"}],"about":[{"href":"https:\/\/www.paralympiarahasto.fi\/sv\/wp-json\/wp\/v2\/types\/page"}],"author":[{"embeddable":true,"href":"https:\/\/www.paralympiarahasto.fi\/sv\/wp-json\/wp\/v2\/users\/1"}],"replies":[{"embeddable":true,"href":"https:\/\/www.paralympiarahasto.fi\/sv\/wp-json\/wp\/v2\/comments?post=459"}],"version-history":[{"count":3,"href":"https:\/\/www.paralympiarahasto.fi\/sv\/wp-json\/wp\/v2\/pages\/459\/revisions"}],"predecessor-version":[{"id":703,"href":"https:\/\/www.paralympiarahasto.fi\/sv\/wp-json\/wp\/v2\/pages\/459\/revisions\/703"}],"wp:attachment":[{"href":"https:\/\/www.paralympiarahasto.fi\/sv\/wp-json\/wp\/v2\/media?parent=459"}],"curies":[{"name":"wp","href":"https:\/\/api.w.org\/{rel}","templated":true}]}}