{"id":450,"date":"2021-03-12T10:51:24","date_gmt":"2021-03-12T08:51:24","guid":{"rendered":"https:\/\/paralympiarahasto.fi\/var-historia\/"},"modified":"2024-04-29T11:32:32","modified_gmt":"2024-04-29T08:32:32","slug":"var-historia","status":"publish","type":"page","link":"https:\/\/www.paralympiarahasto.fi\/sv\/var-historia\/","title":{"rendered":"V\u00e5r historia"},"content":{"rendered":"<p>[et_pb_section fb_built=&#8221;1&#8243; module_class=&#8221;section-module-norm section-module-norm-no-top&#8221; _builder_version=&#8221;4.16&#8243; _module_preset=&#8221;default&#8221; background_color=&#8221;RGBA(0,0,0,0)&#8221; background_image=&#8221;https:\/\/paralympiarahasto.fi\/wp-content\/uploads\/2021\/03\/Paralympiarahasto-home-img-3.jpg&#8221; background_size=&#8221;contain&#8221; background_position=&#8221;bottom_center&#8221; custom_margin=&#8221;||||false|false&#8221; custom_padding=&#8221;||||false|false&#8221; locked=&#8221;off&#8221; global_colors_info=&#8221;{}&#8221;][et_pb_row use_custom_gutter=&#8221;on&#8221; gutter_width=&#8221;3&#8243; make_equal=&#8221;on&#8221; _builder_version=&#8221;4.16&#8243; _module_preset=&#8221;default&#8221; global_colors_info=&#8221;{}&#8221;][et_pb_column type=&#8221;4_4&#8243; _builder_version=&#8221;4.16&#8243; _module_preset=&#8221;default&#8221; global_colors_info=&#8221;{}&#8221;][et_pb_text module_class=&#8221;text-blog-norm text-hor-center&#8221; _builder_version=&#8221;4.16&#8243; _module_preset=&#8221;default&#8221; custom_padding=&#8221;||||false|false&#8221; global_colors_info=&#8221;{}&#8221;]<\/p>\n<h1 style=\"text-align: center;\">Var med som akt\u00f6r f\u00f6r f\u00f6r\u00e4ndring!<\/h1>\n<p style=\"text-align: center;\">Idrott har en kraft att f\u00f6ra ihop m\u00e4nniskor. Det har en kraft att uppfylla v\u00e5ra dr\u00f6mmar, hj\u00e4lpa oss att f\u00f6rst\u00e5 varandra och komma med i ett samh\u00e4lle. Paraidrott har tagit framsteg under de senaste \u00e5rtionden, men \u00e4nnu finns det jobb att g\u00f6ra. <\/p>\n<p style=\"text-align: center;\">Vi hos Paralympiska kommitt\u00e9n drivs av en brinnande vilja av att uppn\u00e5 en genuin j\u00e4mst\u00e4lldhet inom idrott och motion.<\/p>\n<p style=\"text-align: center;\">Med hj\u00e4lp av Paralympiska fonden st\u00f6der vi finsk paraidrott samt fr\u00e4mjar vi m\u00f6jligheten f\u00f6r personer med funktionsvariationer och personer som beh\u00f6ver st\u00f6d, att ha en idrottslig hobby. <\/p>\n<p style=\"text-align: center;\">V\u00e5rt gemensamma jobb f\u00f6r en mer j\u00e4mlik idrott och motionering via paralympiska fonden p\u00e5verkar hela Finland.<\/p>\n<p>[\/et_pb_text][et_pb_button button_url=&#8221;https:\/\/www.paralympiarahasto.fi\/sv\/donation\/&#8221; button_text=&#8221;Donera nu&#8221; button_alignment=&#8221;center&#8221; module_class=&#8221;donate-button-basic&#8221; _builder_version=&#8221;4.24.3&#8243; _module_preset=&#8221;default&#8221; custom_button=&#8221;on&#8221; button_border_radius=&#8221;100px&#8221; button_use_icon=&#8221;off&#8221; hover_enabled=&#8221;0&#8243; global_colors_info=&#8221;{}&#8221; sticky_enabled=&#8221;0&#8243;][\/et_pb_button][et_pb_image src=&#8221;https:\/\/paralympiarahasto.fi\/wp-content\/uploads\/2021\/03\/Paralympiarahasto-story-img-1.png&#8221; alt=&#8221;Paralympiska fonden V\u00e5r historia bild&#8221; title_text=&#8221;V\u00e5r historia bild &#8211; fira&#8221; align=&#8221;center&#8221; module_class=&#8221;image-hor-center&#8221; _builder_version=&#8221;4.16&#8243; _module_preset=&#8221;default&#8221; custom_padding=&#8221;50px||20px||false|false&#8221; animation_style=&#8221;slide&#8221; animation_direction=&#8221;bottom&#8221; global_colors_info=&#8221;{}&#8221;][\/et_pb_image][\/et_pb_column][\/et_pb_row][\/et_pb_section]<\/p>\n","protected":false},"excerpt":{"rendered":"<p>Var med som akt\u00f6r f\u00f6r f\u00f6r\u00e4ndring! Idrott har en kraft att f\u00f6ra ihop m\u00e4nniskor. Det har en kraft att uppfylla v\u00e5ra dr\u00f6mmar, hj\u00e4lpa oss att f\u00f6rst\u00e5 varandra och komma med i ett samh\u00e4lle. Paraidrott har tagit framsteg under de senaste \u00e5rtionden, men \u00e4nnu finns det jobb att g\u00f6ra. Vi hos Paralympiska kommitt\u00e9n drivs av en [&hellip;]<\/p>\n","protected":false},"author":1,"featured_media":0,"parent":0,"menu_order":0,"comment_status":"closed","ping_status":"closed","template":"","meta":{"_et_pb_use_builder":"on","_et_pb_old_content":"","_et_gb_content_width":"","inline_featured_image":false,"footnotes":""},"class_list":["post-450","page","type-page","status-publish","hentry"],"yoast_head":"<!-- This site is optimized with the Yoast SEO plugin v27.5 - https:\/\/yoast.com\/product\/yoast-seo-wordpress\/ -->\n<title>Historien om att g\u00f6ra en f\u00f6r\u00e4ndring - Paralympiska fonden<\/title>\n<meta name=\"description\" content=\"Historien om den paralympiska fonden. Sport g\u00f6r dr\u00f6mmar till verklighet, hj\u00e4lper oss att f\u00f6rst\u00e5 varandra och bli en del av samh\u00e4llet.\" \/>\n<meta name=\"robots\" content=\"index, follow, max-snippet:-1, max-image-preview:large, max-video-preview:-1\" \/>\n<link rel=\"canonical\" href=\"https:\/\/www.paralympiarahasto.fi\/tarinamme\/\" \/>\n<meta property=\"og:locale\" content=\"sv_SE\" \/>\n<meta property=\"og:type\" content=\"article\" \/>\n<meta property=\"og:title\" content=\"Historien om att g\u00f6ra en f\u00f6r\u00e4ndring - Paralympiska fonden\" \/>\n<meta property=\"og:description\" content=\"Historien om den paralympiska fonden. Sport g\u00f6r dr\u00f6mmar till verklighet, hj\u00e4lper oss att f\u00f6rst\u00e5 varandra och bli en del av samh\u00e4llet.\" \/>\n<meta property=\"og:url\" content=\"https:\/\/www.paralympiarahasto.fi\/tarinamme\/\" \/>\n<meta property=\"og:site_name\" content=\"Paralympiarahasto\" \/>\n<meta property=\"article:publisher\" content=\"https:\/\/www.facebook.com\/paralympiakomitea\" \/>\n<meta property=\"article:modified_time\" content=\"2024-04-29T08:32:32+00:00\" \/>\n<meta property=\"og:image\" content=\"https:\/\/wp.tremedia.fi\/wp-content\/uploads\/2021\/03\/Paralympiarahasto-og-img.jpg\" \/>\n<meta name=\"twitter:card\" content=\"summary_large_image\" \/>\n<meta name=\"twitter:title\" content=\"Historien om att g\u00f6ra en f\u00f6r\u00e4ndring - Paralympiska fonden\" \/>\n<meta name=\"twitter:description\" content=\"Historien om den paralympiska fonden. Sport g\u00f6r dr\u00f6mmar till verklighet, hj\u00e4lper oss att f\u00f6rst\u00e5 varandra och bli en del av samh\u00e4llet.\" \/>\n<meta name=\"twitter:image\" content=\"https:\/\/wp.tremedia.fi\/wp-content\/uploads\/2021\/03\/Paralympiarahasto-og-img.jpg\" \/>\n<meta name=\"twitter:site\" content=\"@finnparalympic\" \/>\n<meta name=\"twitter:label1\" content=\"Ber\u00e4knad l\u00e4stid\" \/>\n\t<meta name=\"twitter:data1\" content=\"2 minuter\" \/>\n<script type=\"application\/ld+json\" class=\"yoast-schema-graph\">{\"@context\":\"https:\\\/\\\/schema.org\",\"@graph\":[{\"@type\":\"WebPage\",\"@id\":\"https:\\\/\\\/www.paralympiarahasto.fi\\\/tarinamme\\\/\",\"url\":\"https:\\\/\\\/www.paralympiarahasto.fi\\\/tarinamme\\\/\",\"name\":\"Historien om att g\u00f6ra en f\u00f6r\u00e4ndring - Paralympiska fonden\",\"isPartOf\":{\"@id\":\"https:\\\/\\\/www.paralympiarahasto.fi\\\/#website\"},\"datePublished\":\"2021-03-12T08:51:24+00:00\",\"dateModified\":\"2024-04-29T08:32:32+00:00\",\"description\":\"Historien om den paralympiska fonden. Sport g\u00f6r dr\u00f6mmar till verklighet, hj\u00e4lper oss att f\u00f6rst\u00e5 varandra och bli en del av samh\u00e4llet.\",\"breadcrumb\":{\"@id\":\"https:\\\/\\\/www.paralympiarahasto.fi\\\/tarinamme\\\/#breadcrumb\"},\"inLanguage\":\"sv-SE\",\"potentialAction\":[{\"@type\":\"ReadAction\",\"target\":[\"https:\\\/\\\/www.paralympiarahasto.fi\\\/tarinamme\\\/\"]}]},{\"@type\":\"BreadcrumbList\",\"@id\":\"https:\\\/\\\/www.paralympiarahasto.fi\\\/tarinamme\\\/#breadcrumb\",\"itemListElement\":[{\"@type\":\"ListItem\",\"position\":1,\"name\":\"Framsida\",\"item\":\"https:\\\/\\\/www.paralympiarahasto.fi\\\/sv\\\/framsida\\\/\"},{\"@type\":\"ListItem\",\"position\":2,\"name\":\"V\u00e5r historia\"}]},{\"@type\":\"WebSite\",\"@id\":\"https:\\\/\\\/www.paralympiarahasto.fi\\\/#website\",\"url\":\"https:\\\/\\\/www.paralympiarahasto.fi\\\/\",\"name\":\"Paralympiarahasto\",\"description\":\"Ole mukana muutoksen tekij&auml;n&auml;!\",\"publisher\":{\"@id\":\"https:\\\/\\\/www.paralympiarahasto.fi\\\/#organization\"},\"potentialAction\":[{\"@type\":\"SearchAction\",\"target\":{\"@type\":\"EntryPoint\",\"urlTemplate\":\"https:\\\/\\\/www.paralympiarahasto.fi\\\/?s={search_term_string}\"},\"query-input\":{\"@type\":\"PropertyValueSpecification\",\"valueRequired\":true,\"valueName\":\"search_term_string\"}}],\"inLanguage\":\"sv-SE\"},{\"@type\":\"Organization\",\"@id\":\"https:\\\/\\\/www.paralympiarahasto.fi\\\/#organization\",\"name\":\"Suomen Paralympiakomitea ry\",\"url\":\"https:\\\/\\\/www.paralympiarahasto.fi\\\/\",\"logo\":{\"@type\":\"ImageObject\",\"inLanguage\":\"sv-SE\",\"@id\":\"https:\\\/\\\/www.paralympiarahasto.fi\\\/#\\\/schema\\\/logo\\\/image\\\/\",\"url\":\"http:\\\/\\\/paralympiarahasto.fi\\\/wp-content\\\/uploads\\\/2021\\\/08\\\/xsuomen_paralympiakomitea_logo_cmyk_levea-1.png.pagespeed.ic_.aIEbAzOAwG.webp\",\"contentUrl\":\"http:\\\/\\\/paralympiarahasto.fi\\\/wp-content\\\/uploads\\\/2021\\\/08\\\/xsuomen_paralympiakomitea_logo_cmyk_levea-1.png.pagespeed.ic_.aIEbAzOAwG.webp\",\"width\":2000,\"height\":1000,\"caption\":\"Suomen Paralympiakomitea ry\"},\"image\":{\"@id\":\"https:\\\/\\\/www.paralympiarahasto.fi\\\/#\\\/schema\\\/logo\\\/image\\\/\"},\"sameAs\":[\"https:\\\/\\\/www.facebook.com\\\/paralympiakomitea\",\"https:\\\/\\\/x.com\\\/finnparalympic\",\"https:\\\/\\\/www.instagram.com\\\/finnparalympic\\\/\"]}]}<\/script>\n<!-- \/ Yoast SEO plugin. -->","yoast_head_json":{"title":"Historien om att g\u00f6ra en f\u00f6r\u00e4ndring - Paralympiska fonden","description":"Historien om den paralympiska fonden. Sport g\u00f6r dr\u00f6mmar till verklighet, hj\u00e4lper oss att f\u00f6rst\u00e5 varandra och bli en del av samh\u00e4llet.","robots":{"index":"index","follow":"follow","max-snippet":"max-snippet:-1","max-image-preview":"max-image-preview:large","max-video-preview":"max-video-preview:-1"},"canonical":"https:\/\/www.paralympiarahasto.fi\/tarinamme\/","og_locale":"sv_SE","og_type":"article","og_title":"Historien om att g\u00f6ra en f\u00f6r\u00e4ndring - Paralympiska fonden","og_description":"Historien om den paralympiska fonden. Sport g\u00f6r dr\u00f6mmar till verklighet, hj\u00e4lper oss att f\u00f6rst\u00e5 varandra och bli en del av samh\u00e4llet.","og_url":"https:\/\/www.paralympiarahasto.fi\/tarinamme\/","og_site_name":"Paralympiarahasto","article_publisher":"https:\/\/www.facebook.com\/paralympiakomitea","article_modified_time":"2024-04-29T08:32:32+00:00","og_image":[{"url":"https:\/\/wp.tremedia.fi\/wp-content\/uploads\/2021\/03\/Paralympiarahasto-og-img.jpg","type":"","width":"","height":""}],"twitter_card":"summary_large_image","twitter_title":"Historien om att g\u00f6ra en f\u00f6r\u00e4ndring - Paralympiska fonden","twitter_description":"Historien om den paralympiska fonden. Sport g\u00f6r dr\u00f6mmar till verklighet, hj\u00e4lper oss att f\u00f6rst\u00e5 varandra och bli en del av samh\u00e4llet.","twitter_image":"https:\/\/wp.tremedia.fi\/wp-content\/uploads\/2021\/03\/Paralympiarahasto-og-img.jpg","twitter_site":"@finnparalympic","twitter_misc":{"Ber\u00e4knad l\u00e4stid":"2 minuter"},"schema":{"@context":"https:\/\/schema.org","@graph":[{"@type":"WebPage","@id":"https:\/\/www.paralympiarahasto.fi\/tarinamme\/","url":"https:\/\/www.paralympiarahasto.fi\/tarinamme\/","name":"Historien om att g\u00f6ra en f\u00f6r\u00e4ndring - Paralympiska fonden","isPartOf":{"@id":"https:\/\/www.paralympiarahasto.fi\/#website"},"datePublished":"2021-03-12T08:51:24+00:00","dateModified":"2024-04-29T08:32:32+00:00","description":"Historien om den paralympiska fonden. Sport g\u00f6r dr\u00f6mmar till verklighet, hj\u00e4lper oss att f\u00f6rst\u00e5 varandra och bli en del av samh\u00e4llet.","breadcrumb":{"@id":"https:\/\/www.paralympiarahasto.fi\/tarinamme\/#breadcrumb"},"inLanguage":"sv-SE","potentialAction":[{"@type":"ReadAction","target":["https:\/\/www.paralympiarahasto.fi\/tarinamme\/"]}]},{"@type":"BreadcrumbList","@id":"https:\/\/www.paralympiarahasto.fi\/tarinamme\/#breadcrumb","itemListElement":[{"@type":"ListItem","position":1,"name":"Framsida","item":"https:\/\/www.paralympiarahasto.fi\/sv\/framsida\/"},{"@type":"ListItem","position":2,"name":"V\u00e5r historia"}]},{"@type":"WebSite","@id":"https:\/\/www.paralympiarahasto.fi\/#website","url":"https:\/\/www.paralympiarahasto.fi\/","name":"Paralympiarahasto","description":"Ole mukana muutoksen tekij&auml;n&auml;!","publisher":{"@id":"https:\/\/www.paralympiarahasto.fi\/#organization"},"potentialAction":[{"@type":"SearchAction","target":{"@type":"EntryPoint","urlTemplate":"https:\/\/www.paralympiarahasto.fi\/?s={search_term_string}"},"query-input":{"@type":"PropertyValueSpecification","valueRequired":true,"valueName":"search_term_string"}}],"inLanguage":"sv-SE"},{"@type":"Organization","@id":"https:\/\/www.paralympiarahasto.fi\/#organization","name":"Suomen Paralympiakomitea ry","url":"https:\/\/www.paralympiarahasto.fi\/","logo":{"@type":"ImageObject","inLanguage":"sv-SE","@id":"https:\/\/www.paralympiarahasto.fi\/#\/schema\/logo\/image\/","url":"http:\/\/paralympiarahasto.fi\/wp-content\/uploads\/2021\/08\/xsuomen_paralympiakomitea_logo_cmyk_levea-1.png.pagespeed.ic_.aIEbAzOAwG.webp","contentUrl":"http:\/\/paralympiarahasto.fi\/wp-content\/uploads\/2021\/08\/xsuomen_paralympiakomitea_logo_cmyk_levea-1.png.pagespeed.ic_.aIEbAzOAwG.webp","width":2000,"height":1000,"caption":"Suomen Paralympiakomitea ry"},"image":{"@id":"https:\/\/www.paralympiarahasto.fi\/#\/schema\/logo\/image\/"},"sameAs":["https:\/\/www.facebook.com\/paralympiakomitea","https:\/\/x.com\/finnparalympic","https:\/\/www.instagram.com\/finnparalympic\/"]}]}},"_links":{"self":[{"href":"https:\/\/www.paralympiarahasto.fi\/sv\/wp-json\/wp\/v2\/pages\/450","targetHints":{"allow":["GET"]}}],"collection":[{"href":"https:\/\/www.paralympiarahasto.fi\/sv\/wp-json\/wp\/v2\/pages"}],"about":[{"href":"https:\/\/www.paralympiarahasto.fi\/sv\/wp-json\/wp\/v2\/types\/page"}],"author":[{"embeddable":true,"href":"https:\/\/www.paralympiarahasto.fi\/sv\/wp-json\/wp\/v2\/users\/1"}],"replies":[{"embeddable":true,"href":"https:\/\/www.paralympiarahasto.fi\/sv\/wp-json\/wp\/v2\/comments?post=450"}],"version-history":[{"count":7,"href":"https:\/\/www.paralympiarahasto.fi\/sv\/wp-json\/wp\/v2\/pages\/450\/revisions"}],"predecessor-version":[{"id":2225,"href":"https:\/\/www.paralympiarahasto.fi\/sv\/wp-json\/wp\/v2\/pages\/450\/revisions\/2225"}],"wp:attachment":[{"href":"https:\/\/www.paralympiarahasto.fi\/sv\/wp-json\/wp\/v2\/media?parent=450"}],"curies":[{"name":"wp","href":"https:\/\/api.w.org\/{rel}","templated":true}]}}