{"id":438,"date":"2021-03-12T10:13:17","date_gmt":"2021-03-12T08:13:17","guid":{"rendered":"https:\/\/paralympiarahasto.fi\/framsida\/"},"modified":"2025-03-12T10:27:56","modified_gmt":"2025-03-12T08:27:56","slug":"framsida","status":"publish","type":"page","link":"https:\/\/www.paralympiarahasto.fi\/sv\/","title":{"rendered":"Framsida"},"content":{"rendered":"<p>[et_pb_section fb_built=&#8221;1&#8243; module_class=&#8221;section-module-norm&#8221; _builder_version=&#8221;4.16&#8243; _module_preset=&#8221;default&#8221; background_color=&#8221;RGBA(0,0,0,0)&#8221; custom_margin=&#8221;||||false|false&#8221; custom_padding=&#8221;||||false|false&#8221; global_colors_info=&#8221;{}&#8221;][et_pb_row _builder_version=&#8221;4.16&#8243; _module_preset=&#8221;default&#8221; global_colors_info=&#8221;{}&#8221;][et_pb_column type=&#8221;4_4&#8243; _builder_version=&#8221;4.16&#8243; _module_preset=&#8221;default&#8221; global_colors_info=&#8221;{}&#8221;][et_pb_text admin_label=&#8221;Teksti&#8221; module_class=&#8221;text-blog-norm&#8221; _builder_version=&#8221;4.16&#8243; _module_preset=&#8221;default&#8221; global_colors_info=&#8221;{}&#8221;]<\/p>\n<h1 style=\"text-align: center;\">Paralympiska fonden<\/h1>\n<p style=\"text-align: center;\">Paralympiska kommitt\u00e9n samlar st\u00f6d f\u00f6r motion och idrott f\u00f6r personer med funktionsvariationer samt befr\u00e4mjande av en likv\u00e4rdig idrottskultur.<\/p>\n<p>[\/et_pb_text][et_pb_video_slider show_image_overlay=&#8221;on&#8221; _builder_version=&#8221;4.27.4&#8243; _module_preset=&#8221;default&#8221; custom_padding=&#8221;||||false|false&#8221; animation_direction=&#8221;bottom&#8221; hover_enabled=&#8221;0&#8243; global_colors_info=&#8221;{}&#8221; sticky_enabled=&#8221;0&#8243;][et_pb_video_slider_item src_webm=&#8221;https:\/\/www.paralympiarahasto.fi\/wp-content\/uploads\/2022\/12\/rahasto_toyota.webm&#8221; image_src=&#8221;https:\/\/www.paralympiarahasto.fi\/wp-content\/uploads\/2025\/01\/paralympiarahasto-video-pikkukuva.png&#8221; _builder_version=&#8221;4.27.4&#8243; _module_preset=&#8221;default&#8221; global_colors_info=&#8221;{}&#8221; show_image_overlay=&#8221;on&#8221;][\/et_pb_video_slider_item][et_pb_video_slider_item admin_title=&#8221;Paralympiarahasto&#8221; src=&#8221;https:\/\/paralympiarahasto.fi\/wp-content\/uploads\/2021\/03\/paralympia.mp4&#8243; src_webm=&#8221;https:\/\/paralympiarahasto.fi\/wp-content\/uploads\/2021\/03\/paralympia.webm&#8221; image_src=&#8221;https:\/\/paralympiarahasto.fi\/wp-content\/uploads\/2021\/03\/Paralympiarahasto-video-1-placeholder-1024&#215;574.jpg&#8221; _builder_version=&#8221;4.9.2&#8243; _module_preset=&#8221;default&#8221; global_colors_info=&#8221;{}&#8221; show_image_overlay=&#8221;on&#8221;][\/et_pb_video_slider_item][et_pb_video_slider_item admin_title=&#8221;Samassa jengissa&#8221; src=&#8221;https:\/\/paralympiarahasto.fi\/wp-content\/uploads\/2021\/03\/samassajengissa.mp4&#8243; src_webm=&#8221;https:\/\/paralympiarahasto.fi\/wp-content\/uploads\/2021\/03\/samassajengissa.webm&#8221; image_src=&#8221;https:\/\/paralympiarahasto.fi\/wp-content\/uploads\/2021\/03\/Paralympiarahasto-video-2-placeholder-1024&#215;574.jpg&#8221; _builder_version=&#8221;4.9.2&#8243; _module_preset=&#8221;default&#8221; global_colors_info=&#8221;{}&#8221; show_image_overlay=&#8221;on&#8221;][\/et_pb_video_slider_item][et_pb_video_slider_item admin_title=&#8221;Valtti&#8221; src=&#8221;https:\/\/paralympiarahasto.fi\/wp-content\/uploads\/2021\/03\/valtti.mp4&#8243; src_webm=&#8221;https:\/\/paralympiarahasto.fi\/wp-content\/uploads\/2021\/03\/valtti.webm&#8221; image_src=&#8221;https:\/\/paralympiarahasto.fi\/wp-content\/uploads\/2021\/03\/Paralympiarahasto-video-3-placeholder-1024&#215;574.jpg&#8221; _builder_version=&#8221;4.9.2&#8243; _module_preset=&#8221;default&#8221; global_colors_info=&#8221;{}&#8221; show_image_overlay=&#8221;on&#8221;][\/et_pb_video_slider_item][et_pb_video_slider_item admin_title=&#8221;Piispanen&#8221; src=&#8221;https:\/\/paralympiarahasto.fi\/wp-content\/uploads\/2021\/03\/Tomi_Piispanen_paralympiarahasto.mp4&#8243; src_webm=&#8221;https:\/\/paralympiarahasto.fi\/wp-content\/uploads\/2021\/03\/Tomi_Piispanen_paralympiarahasto.webm&#8221; image_src=&#8221;https:\/\/paralympiarahasto.fi\/wp-content\/uploads\/2021\/03\/Paralympiarahasto-video-4-placeholder-1024&#215;574.jpg&#8221; _builder_version=&#8221;4.9.2&#8243; _module_preset=&#8221;default&#8221; global_colors_info=&#8221;{}&#8221; show_image_overlay=&#8221;on&#8221;][\/et_pb_video_slider_item][\/et_pb_video_slider][\/et_pb_column][\/et_pb_row][\/et_pb_section][et_pb_section fb_built=&#8221;1&#8243; module_class=&#8221;section-module-norm section-module-norm-height section-module-norm-mobile-min&#8221; _builder_version=&#8221;4.16&#8243; _module_preset=&#8221;default&#8221; background_color=&#8221;RGBA(0,0,0,0)&#8221; background_image=&#8221;https:\/\/paralympiarahasto.fi\/wp-content\/uploads\/2021\/03\/Paralympiarahasto-home-img-2.jpg&#8221; background_position=&#8221;top_center&#8221; custom_margin=&#8221;||||false|false&#8221; custom_padding=&#8221;||||false|false&#8221; global_colors_info=&#8221;{}&#8221;][et_pb_row _builder_version=&#8221;4.16&#8243; _module_preset=&#8221;default&#8221; global_colors_info=&#8221;{}&#8221;][et_pb_column type=&#8221;4_4&#8243; _builder_version=&#8221;4.16&#8243; _module_preset=&#8221;default&#8221; global_colors_info=&#8221;{}&#8221;][et_pb_text module_class=&#8221;text-blog-norm&#8221; _builder_version=&#8221;4.16&#8243; _module_preset=&#8221;default&#8221; custom_padding=&#8221;||||false|false&#8221; global_colors_info=&#8221;{}&#8221;]<\/p>\n<h2 style=\"text-align: center;\">Donera till paraidrott<\/h2>\n<p style=\"text-align: center;\">Paralympiska fonden \u00e4r en ny effektfull m\u00f6jlighet att visa st\u00f6d f\u00f6r paraidrott och idrottsliga hobbyn f\u00f6r personer med funktionsvariationer. Hela n\u00e4tverket, utan att se p\u00e5 \u00e5lder eller niv\u00e5n p\u00e5 idrotten, utnyttjar st\u00f6det. Paralympiska fonden \u00e4r en l\u00e5ngsiktig fond, varifr\u00e5n det delas \u00e5rligen v\u00e4xande st\u00f6d \u00e5t paraidrott.<\/p>\n<p>[\/et_pb_text][et_pb_button button_url=&#8221;https:\/\/www.paralympiarahasto.fi\/sv\/donation\/&#8221; button_text=&#8221;Donera nu&#8221; button_alignment=&#8221;center&#8221; admin_label=&#8221;Painike&#8221; module_class=&#8221;donate-button-basic&#8221; _builder_version=&#8221;4.24.3&#8243; _module_preset=&#8221;default&#8221; custom_button=&#8221;on&#8221; button_border_radius=&#8221;100px&#8221; button_use_icon=&#8221;off&#8221; global_colors_info=&#8221;{}&#8221;][\/et_pb_button][\/et_pb_column][\/et_pb_row][\/et_pb_section][et_pb_section fb_built=&#8221;1&#8243; module_class=&#8221;section-module-norm&#8221; _builder_version=&#8221;4.16&#8243; _module_preset=&#8221;default&#8221; background_color=&#8221;RGBA(0,0,0,0)&#8221; custom_margin=&#8221;||||false|false&#8221; custom_padding=&#8221;||||false|false&#8221; global_colors_info=&#8221;{}&#8221;][et_pb_row use_custom_gutter=&#8221;on&#8221; gutter_width=&#8221;2&#8243; _builder_version=&#8221;4.16&#8243; _module_preset=&#8221;default&#8221; global_colors_info=&#8221;{}&#8221;][et_pb_column type=&#8221;4_4&#8243; _builder_version=&#8221;4.16&#8243; _module_preset=&#8221;default&#8221; global_colors_info=&#8221;{}&#8221;][et_pb_text module_class=&#8221;text-blog-norm text-blog-norm-no-bottom&#8221; _builder_version=&#8221;4.16&#8243; _module_preset=&#8221;default&#8221; custom_padding=&#8221;||||false|false&#8221; global_colors_info=&#8221;{}&#8221;]<\/p>\n<h2 style=\"text-align: center;\">Nyheter<\/h2>\n<p>[\/et_pb_text][et_pb_blog fullwidth=&#8221;off&#8221; posts_number=&#8221;3&#8243; include_categories=&#8221;all&#8221; meta_date=&#8221;j.m.Y&#8221; excerpt_length=&#8221;150&#8243; show_more=&#8221;on&#8221; show_author=&#8221;off&#8221; show_categories=&#8221;off&#8221; masonry_tile_background_color=&#8221;RGBA(0,0,0,0)&#8221; module_class=&#8221;blog-grid-home&#8221; _builder_version=&#8221;4.16&#8243; _module_preset=&#8221;default&#8221; background_color=&#8221;RGBA(0,0,0,0)&#8221; child_filter_saturate=&#8221;60%&#8221; global_colors_info=&#8221;{}&#8221;][\/et_pb_blog][\/et_pb_column][\/et_pb_row][\/et_pb_section][et_pb_section fb_built=&#8221;1&#8243; module_class=&#8221;section-module-norm&#8221; _builder_version=&#8221;4.16&#8243; _module_preset=&#8221;default&#8221; background_color=&#8221;RGBA(0,0,0,0)&#8221; background_image=&#8221;https:\/\/paralympiarahasto.fi\/wp-content\/uploads\/2021\/03\/Paralympiarahasto-home-img-3.jpg&#8221; background_position=&#8221;top_center&#8221; custom_margin=&#8221;||||false|false&#8221; custom_padding=&#8221;||||false|false&#8221; global_colors_info=&#8221;{}&#8221;][et_pb_row column_structure=&#8221;1_2,1_2&#8243; use_custom_gutter=&#8221;on&#8221; gutter_width=&#8221;3&#8243; make_equal=&#8221;on&#8221; module_class=&#8221;center-y&#8221; _builder_version=&#8221;4.16&#8243; _module_preset=&#8221;default&#8221; global_colors_info=&#8221;{}&#8221;][et_pb_column type=&#8221;1_2&#8243; _builder_version=&#8221;4.16&#8243; _module_preset=&#8221;default&#8221; global_colors_info=&#8221;{}&#8221;][et_pb_text module_class=&#8221;text-blog-norm text-hor-center&#8221; _builder_version=&#8221;4.16&#8243; _module_preset=&#8221;default&#8221; custom_padding=&#8221;||||false|false&#8221; global_colors_info=&#8221;{}&#8221;]<\/p>\n<h2 style=\"text-align: left;\">Ge ditt st\u00f6d till paraidrott<\/h2>\n<p style=\"text-align: left;\">Paralympiska fonden, som \u00e4r grundad av Paralympiska kommitt\u00e9n \u00e5r 2021, \u00e4r ett nytt s\u00e4tt att rikta sitt st\u00f6d till paraidrott. Paralympiska fonden fungerar under Finlands Idrotts St\u00f6dstiftelsen s\u00e5 som Olympiska fonden som samlar st\u00f6d f\u00f6r toppidrott.<\/p>\n<p>[\/et_pb_text][\/et_pb_column][et_pb_column type=&#8221;1_2&#8243; _builder_version=&#8221;4.16&#8243; _module_preset=&#8221;default&#8221; global_colors_info=&#8221;{}&#8221;][et_pb_image src=&#8221;https:\/\/paralympiarahasto.fi\/wp-content\/uploads\/2021\/03\/Paralympiarahasto-home-img-1-v3.png&#8221; alt=&#8221;Paralympiska fonden framsida Amanda Kotaja&#8221; title_text=&#8221;Framsida bild Amanda Kotaja&#8221; align=&#8221;center&#8221; module_class=&#8221;image-hor-center&#8221; _builder_version=&#8221;4.16&#8243; _module_preset=&#8221;default&#8221; animation_style=&#8221;slide&#8221; animation_direction=&#8221;right&#8221; global_colors_info=&#8221;{}&#8221;][\/et_pb_image][\/et_pb_column][\/et_pb_row][\/et_pb_section]<\/p>\n","protected":false},"excerpt":{"rendered":"<p>Paralympiska fonden Paralympiska kommitt\u00e9n samlar st\u00f6d f\u00f6r motion och idrott f\u00f6r personer med funktionsvariationer samt befr\u00e4mjande av en likv\u00e4rdig idrottskultur.Donera till paraidrott Paralympiska fonden \u00e4r en ny effektfull m\u00f6jlighet att visa st\u00f6d f\u00f6r paraidrott och idrottsliga hobbyn f\u00f6r personer med funktionsvariationer. Hela n\u00e4tverket, utan att se p\u00e5 \u00e5lder eller niv\u00e5n p\u00e5 idrotten, utnyttjar st\u00f6det. Paralympiska [&hellip;]<\/p>\n","protected":false},"author":1,"featured_media":0,"parent":0,"menu_order":0,"comment_status":"closed","ping_status":"closed","template":"","meta":{"_et_pb_use_builder":"on","_et_pb_old_content":"","_et_gb_content_width":"","inline_featured_image":false,"footnotes":""},"class_list":["post-438","page","type-page","status-publish","hentry"],"yoast_head":"<!-- This site is optimized with the Yoast SEO plugin v27.5 - https:\/\/yoast.com\/product\/yoast-seo-wordpress\/ -->\n<title>Rikta dina donationer till para idrott - Paralympiska fonden<\/title>\n<meta name=\"description\" content=\"Paralympiska fonden \u00e4r ett imponerande nytt tillf\u00e4lle att visa st\u00f6d f\u00f6r parasport och fysisk aktivitet f\u00f6r personer med funktionsvariationer.\" \/>\n<meta name=\"robots\" content=\"index, follow, max-snippet:-1, max-image-preview:large, max-video-preview:-1\" \/>\n<link rel=\"canonical\" href=\"https:\/\/www.paralympiarahasto.fi\/sv\/framsida\/\" \/>\n<meta property=\"og:locale\" content=\"sv_SE\" \/>\n<meta property=\"og:type\" content=\"article\" \/>\n<meta property=\"og:title\" content=\"Rikta dina donationer till para idrott - Paralympiska fonden\" \/>\n<meta property=\"og:description\" content=\"Paralympiska fonden \u00e4r ett imponerande nytt tillf\u00e4lle att visa st\u00f6d f\u00f6r parasport och fysisk aktivitet f\u00f6r personer med funktionsvariationer.\" \/>\n<meta property=\"og:url\" content=\"https:\/\/www.paralympiarahasto.fi\/sv\/framsida\/\" \/>\n<meta property=\"og:site_name\" content=\"Paralympiarahasto\" \/>\n<meta property=\"article:publisher\" content=\"https:\/\/www.facebook.com\/paralympiakomitea\" \/>\n<meta property=\"article:modified_time\" content=\"2025-03-12T08:27:56+00:00\" \/>\n<meta property=\"og:image\" content=\"https:\/\/wp.tremedia.fi\/wp-content\/uploads\/2021\/03\/Paralympiarahasto-og-img.jpg\" \/>\n<meta name=\"twitter:card\" content=\"summary_large_image\" \/>\n<meta name=\"twitter:title\" content=\"Rikta dina donationer till para idrott - Paralympiska fonden\" \/>\n<meta name=\"twitter:description\" content=\"Paralympiska fonden \u00e4r ett imponerande nytt tillf\u00e4lle att visa st\u00f6d f\u00f6r parasport och fysisk aktivitet f\u00f6r personer med funktionsvariationer.\" \/>\n<meta name=\"twitter:image\" content=\"https:\/\/wp.tremedia.fi\/wp-content\/uploads\/2021\/03\/Paralympiarahasto-og-img.jpg\" \/>\n<meta name=\"twitter:site\" content=\"@finnparalympic\" \/>\n<meta name=\"twitter:label1\" content=\"Ber\u00e4knad l\u00e4stid\" \/>\n\t<meta name=\"twitter:data1\" content=\"5 minuter\" \/>\n<script type=\"application\/ld+json\" class=\"yoast-schema-graph\">{\"@context\":\"https:\\\/\\\/schema.org\",\"@graph\":[{\"@type\":\"WebPage\",\"@id\":\"https:\\\/\\\/www.paralympiarahasto.fi\\\/sv\\\/framsida\\\/\",\"url\":\"https:\\\/\\\/www.paralympiarahasto.fi\\\/sv\\\/framsida\\\/\",\"name\":\"Rikta dina donationer till para idrott - Paralympiska fonden\",\"isPartOf\":{\"@id\":\"https:\\\/\\\/www.paralympiarahasto.fi\\\/#website\"},\"datePublished\":\"2021-03-12T08:13:17+00:00\",\"dateModified\":\"2025-03-12T08:27:56+00:00\",\"description\":\"Paralympiska fonden \u00e4r ett imponerande nytt tillf\u00e4lle att visa st\u00f6d f\u00f6r parasport och fysisk aktivitet f\u00f6r personer med funktionsvariationer.\",\"breadcrumb\":{\"@id\":\"https:\\\/\\\/www.paralympiarahasto.fi\\\/sv\\\/framsida\\\/#breadcrumb\"},\"inLanguage\":\"sv-SE\",\"potentialAction\":[{\"@type\":\"ReadAction\",\"target\":[\"https:\\\/\\\/www.paralympiarahasto.fi\\\/sv\\\/framsida\\\/\"]}]},{\"@type\":\"BreadcrumbList\",\"@id\":\"https:\\\/\\\/www.paralympiarahasto.fi\\\/sv\\\/framsida\\\/#breadcrumb\",\"itemListElement\":[{\"@type\":\"ListItem\",\"position\":1,\"name\":\"Framsida\",\"item\":\"https:\\\/\\\/www.paralympiarahasto.fi\\\/sv\\\/framsida\\\/\"},{\"@type\":\"ListItem\",\"position\":2,\"name\":\"Framsida\"}]},{\"@type\":\"WebSite\",\"@id\":\"https:\\\/\\\/www.paralympiarahasto.fi\\\/#website\",\"url\":\"https:\\\/\\\/www.paralympiarahasto.fi\\\/\",\"name\":\"Paralympiarahasto\",\"description\":\"Ole mukana muutoksen tekij&auml;n&auml;!\",\"publisher\":{\"@id\":\"https:\\\/\\\/www.paralympiarahasto.fi\\\/#organization\"},\"potentialAction\":[{\"@type\":\"SearchAction\",\"target\":{\"@type\":\"EntryPoint\",\"urlTemplate\":\"https:\\\/\\\/www.paralympiarahasto.fi\\\/?s={search_term_string}\"},\"query-input\":{\"@type\":\"PropertyValueSpecification\",\"valueRequired\":true,\"valueName\":\"search_term_string\"}}],\"inLanguage\":\"sv-SE\"},{\"@type\":\"Organization\",\"@id\":\"https:\\\/\\\/www.paralympiarahasto.fi\\\/#organization\",\"name\":\"Suomen Paralympiakomitea ry\",\"url\":\"https:\\\/\\\/www.paralympiarahasto.fi\\\/\",\"logo\":{\"@type\":\"ImageObject\",\"inLanguage\":\"sv-SE\",\"@id\":\"https:\\\/\\\/www.paralympiarahasto.fi\\\/#\\\/schema\\\/logo\\\/image\\\/\",\"url\":\"http:\\\/\\\/paralympiarahasto.fi\\\/wp-content\\\/uploads\\\/2021\\\/08\\\/xsuomen_paralympiakomitea_logo_cmyk_levea-1.png.pagespeed.ic_.aIEbAzOAwG.webp\",\"contentUrl\":\"http:\\\/\\\/paralympiarahasto.fi\\\/wp-content\\\/uploads\\\/2021\\\/08\\\/xsuomen_paralympiakomitea_logo_cmyk_levea-1.png.pagespeed.ic_.aIEbAzOAwG.webp\",\"width\":2000,\"height\":1000,\"caption\":\"Suomen Paralympiakomitea ry\"},\"image\":{\"@id\":\"https:\\\/\\\/www.paralympiarahasto.fi\\\/#\\\/schema\\\/logo\\\/image\\\/\"},\"sameAs\":[\"https:\\\/\\\/www.facebook.com\\\/paralympiakomitea\",\"https:\\\/\\\/x.com\\\/finnparalympic\",\"https:\\\/\\\/www.instagram.com\\\/finnparalympic\\\/\"]}]}<\/script>\n<!-- \/ Yoast SEO plugin. -->","yoast_head_json":{"title":"Rikta dina donationer till para idrott - Paralympiska fonden","description":"Paralympiska fonden \u00e4r ett imponerande nytt tillf\u00e4lle att visa st\u00f6d f\u00f6r parasport och fysisk aktivitet f\u00f6r personer med funktionsvariationer.","robots":{"index":"index","follow":"follow","max-snippet":"max-snippet:-1","max-image-preview":"max-image-preview:large","max-video-preview":"max-video-preview:-1"},"canonical":"https:\/\/www.paralympiarahasto.fi\/sv\/framsida\/","og_locale":"sv_SE","og_type":"article","og_title":"Rikta dina donationer till para idrott - Paralympiska fonden","og_description":"Paralympiska fonden \u00e4r ett imponerande nytt tillf\u00e4lle att visa st\u00f6d f\u00f6r parasport och fysisk aktivitet f\u00f6r personer med funktionsvariationer.","og_url":"https:\/\/www.paralympiarahasto.fi\/sv\/framsida\/","og_site_name":"Paralympiarahasto","article_publisher":"https:\/\/www.facebook.com\/paralympiakomitea","article_modified_time":"2025-03-12T08:27:56+00:00","og_image":[{"url":"https:\/\/wp.tremedia.fi\/wp-content\/uploads\/2021\/03\/Paralympiarahasto-og-img.jpg","type":"","width":"","height":""}],"twitter_card":"summary_large_image","twitter_title":"Rikta dina donationer till para idrott - Paralympiska fonden","twitter_description":"Paralympiska fonden \u00e4r ett imponerande nytt tillf\u00e4lle att visa st\u00f6d f\u00f6r parasport och fysisk aktivitet f\u00f6r personer med funktionsvariationer.","twitter_image":"https:\/\/wp.tremedia.fi\/wp-content\/uploads\/2021\/03\/Paralympiarahasto-og-img.jpg","twitter_site":"@finnparalympic","twitter_misc":{"Ber\u00e4knad l\u00e4stid":"5 minuter"},"schema":{"@context":"https:\/\/schema.org","@graph":[{"@type":"WebPage","@id":"https:\/\/www.paralympiarahasto.fi\/sv\/framsida\/","url":"https:\/\/www.paralympiarahasto.fi\/sv\/framsida\/","name":"Rikta dina donationer till para idrott - Paralympiska fonden","isPartOf":{"@id":"https:\/\/www.paralympiarahasto.fi\/#website"},"datePublished":"2021-03-12T08:13:17+00:00","dateModified":"2025-03-12T08:27:56+00:00","description":"Paralympiska fonden \u00e4r ett imponerande nytt tillf\u00e4lle att visa st\u00f6d f\u00f6r parasport och fysisk aktivitet f\u00f6r personer med funktionsvariationer.","breadcrumb":{"@id":"https:\/\/www.paralympiarahasto.fi\/sv\/framsida\/#breadcrumb"},"inLanguage":"sv-SE","potentialAction":[{"@type":"ReadAction","target":["https:\/\/www.paralympiarahasto.fi\/sv\/framsida\/"]}]},{"@type":"BreadcrumbList","@id":"https:\/\/www.paralympiarahasto.fi\/sv\/framsida\/#breadcrumb","itemListElement":[{"@type":"ListItem","position":1,"name":"Framsida","item":"https:\/\/www.paralympiarahasto.fi\/sv\/framsida\/"},{"@type":"ListItem","position":2,"name":"Framsida"}]},{"@type":"WebSite","@id":"https:\/\/www.paralympiarahasto.fi\/#website","url":"https:\/\/www.paralympiarahasto.fi\/","name":"Paralympiarahasto","description":"Ole mukana muutoksen tekij&auml;n&auml;!","publisher":{"@id":"https:\/\/www.paralympiarahasto.fi\/#organization"},"potentialAction":[{"@type":"SearchAction","target":{"@type":"EntryPoint","urlTemplate":"https:\/\/www.paralympiarahasto.fi\/?s={search_term_string}"},"query-input":{"@type":"PropertyValueSpecification","valueRequired":true,"valueName":"search_term_string"}}],"inLanguage":"sv-SE"},{"@type":"Organization","@id":"https:\/\/www.paralympiarahasto.fi\/#organization","name":"Suomen Paralympiakomitea ry","url":"https:\/\/www.paralympiarahasto.fi\/","logo":{"@type":"ImageObject","inLanguage":"sv-SE","@id":"https:\/\/www.paralympiarahasto.fi\/#\/schema\/logo\/image\/","url":"http:\/\/paralympiarahasto.fi\/wp-content\/uploads\/2021\/08\/xsuomen_paralympiakomitea_logo_cmyk_levea-1.png.pagespeed.ic_.aIEbAzOAwG.webp","contentUrl":"http:\/\/paralympiarahasto.fi\/wp-content\/uploads\/2021\/08\/xsuomen_paralympiakomitea_logo_cmyk_levea-1.png.pagespeed.ic_.aIEbAzOAwG.webp","width":2000,"height":1000,"caption":"Suomen Paralympiakomitea ry"},"image":{"@id":"https:\/\/www.paralympiarahasto.fi\/#\/schema\/logo\/image\/"},"sameAs":["https:\/\/www.facebook.com\/paralympiakomitea","https:\/\/x.com\/finnparalympic","https:\/\/www.instagram.com\/finnparalympic\/"]}]}},"_links":{"self":[{"href":"https:\/\/www.paralympiarahasto.fi\/sv\/wp-json\/wp\/v2\/pages\/438","targetHints":{"allow":["GET"]}}],"collection":[{"href":"https:\/\/www.paralympiarahasto.fi\/sv\/wp-json\/wp\/v2\/pages"}],"about":[{"href":"https:\/\/www.paralympiarahasto.fi\/sv\/wp-json\/wp\/v2\/types\/page"}],"author":[{"embeddable":true,"href":"https:\/\/www.paralympiarahasto.fi\/sv\/wp-json\/wp\/v2\/users\/1"}],"replies":[{"embeddable":true,"href":"https:\/\/www.paralympiarahasto.fi\/sv\/wp-json\/wp\/v2\/comments?post=438"}],"version-history":[{"count":19,"href":"https:\/\/www.paralympiarahasto.fi\/sv\/wp-json\/wp\/v2\/pages\/438\/revisions"}],"predecessor-version":[{"id":2284,"href":"https:\/\/www.paralympiarahasto.fi\/sv\/wp-json\/wp\/v2\/pages\/438\/revisions\/2284"}],"wp:attachment":[{"href":"https:\/\/www.paralympiarahasto.fi\/sv\/wp-json\/wp\/v2\/media?parent=438"}],"curies":[{"name":"wp","href":"https:\/\/api.w.org\/{rel}","templated":true}]}}