{"id":2168,"date":"2024-04-25T15:53:34","date_gmt":"2024-04-25T12:53:34","guid":{"rendered":"https:\/\/www.paralympiarahasto.fi\/donation\/"},"modified":"2026-01-20T09:12:01","modified_gmt":"2026-01-20T07:12:01","slug":"donation","status":"publish","type":"page","link":"https:\/\/www.paralympiarahasto.fi\/sv\/donation\/","title":{"rendered":"Donation"},"content":{"rendered":"<p>[et_pb_section fb_built=&#8221;1&#8243; module_class=&#8221;section-module-norm section-module-norm-no-top&#8221; _builder_version=&#8221;4.24.3&#8243; _module_preset=&#8221;default&#8221; background_color=&#8221;RGBA(0,0,0,0)&#8221; background_image=&#8221;https:\/\/www.paralympiarahasto.fi\/wp-content\/uploads\/2021\/03\/Paralympiarahasto-home-img-3.jpg&#8221; background_size=&#8221;contain&#8221; background_position=&#8221;bottom_center&#8221; custom_margin=&#8221;||||false|false&#8221; custom_padding=&#8221;||||false|false&#8221; locked=&#8221;off&#8221; global_colors_info=&#8221;{}&#8221;][et_pb_row use_custom_gutter=&#8221;on&#8221; gutter_width=&#8221;3&#8243; make_equal=&#8221;on&#8221; _builder_version=&#8221;4.27.5&#8243; _module_preset=&#8221;default&#8221; custom_margin=&#8221;||||false|false&#8221; hover_enabled=&#8221;0&#8243; global_colors_info=&#8221;{}&#8221; sticky_enabled=&#8221;0&#8243;][et_pb_column type=&#8221;4_4&#8243; _builder_version=&#8221;4.16&#8243; _module_preset=&#8221;default&#8221; global_colors_info=&#8221;{}&#8221;][et_pb_text module_class=&#8221;text-blog-norm-no-padding-bottom text-hor-center&#8221; _builder_version=&#8221;4.27.5&#8243; _module_preset=&#8221;default&#8221; custom_margin_tablet=&#8221;||35px||false|false&#8221; custom_margin_phone=&#8221;||35px||false|false&#8221; custom_margin_last_edited=&#8221;on|desktop&#8221; custom_padding=&#8221;||||false|false&#8221; hover_enabled=&#8221;0&#8243; global_colors_info=&#8221;{}&#8221; sticky_enabled=&#8221;0&#8243;]<\/p>\n<h2 style=\"text-align: center;\">Donera till framtiden f\u00f6r paraidrott<\/h2>\n<p><\/p>\n<p style=\"text-align: center;\">Paralympiska fonden, grundad av Finlands Paralympiska Kommitt\u00e9, erbjuder ett nytt s\u00e4tt att rikta l\u00e5ngsiktigt st\u00f6d till finsk paraidrott och fr\u00e4mja m\u00f6jligheterna f\u00f6r personer med funktionsneds\u00e4ttningar att delta i fysisk aktivitet. Donationer som g\u00f6rs med en specifik g\u00e5vokontrakt bidrar till fondens kapital och m\u00f6jligg\u00f6r en fler\u00e5rig effekt, vilket skapar ett arv f\u00f6r framtida talanger och banar v\u00e4gen f\u00f6r optimal prestation f\u00f6r \u00e4nnu fler idrottare i Finland.<\/p>\n<p><\/p>\n<p style=\"text-align: center;\">Du kan kontakta oss i alla fr\u00e5gor som r\u00f6r Paralympiafonden, s\u00e5 hj\u00e4lper vi dig g\u00e4rna att hitta det b\u00e4sta s\u00e4ttet f\u00f6r dig att st\u00f6dja denna samh\u00e4llsviktiga verksamhet. Kontakta oss:  <strong>Timo M\u00e4kynen<\/strong>, <a href=\"tel:+358401598199\">+358 40 1598199<\/a>, <a href=\"mailto:timo.makynen@paralympia.fi\">timo.makynen@paralympia.fi<\/a><\/p>\n<p>[\/et_pb_text][et_pb_button button_url=&#8221;https:\/\/www.paralympiarahasto.fi\/sv\/kontaktuppgifter\/&#8221; button_text=&#8221;Kontakta oss&#8221; button_alignment=&#8221;center&#8221; admin_label=&#8221;Painike&#8221; module_class=&#8221;donate-button-basic&#8221; _builder_version=&#8221;4.27.5&#8243; _module_preset=&#8221;default&#8221; custom_button=&#8221;on&#8221; button_border_radius=&#8221;100px&#8221; button_use_icon=&#8221;off&#8221; hover_enabled=&#8221;0&#8243; global_colors_info=&#8221;{}&#8221; disabled_on=&#8221;on|on|on&#8221; disabled=&#8221;on&#8221; sticky_enabled=&#8221;0&#8243;][\/et_pb_button][\/et_pb_column][\/et_pb_row][et_pb_row use_custom_gutter=&#8221;on&#8221; gutter_width=&#8221;3&#8243; make_equal=&#8221;on&#8221; _builder_version=&#8221;4.27.5&#8243; _module_preset=&#8221;default&#8221; hover_enabled=&#8221;0&#8243; global_colors_info=&#8221;{}&#8221; custom_margin=&#8221;||80px||false|false&#8221; sticky_enabled=&#8221;0&#8243;][et_pb_column type=&#8221;4_4&#8243; _builder_version=&#8221;4.16&#8243; _module_preset=&#8221;default&#8221; global_colors_info=&#8221;{}&#8221;][et_pb_text module_class=&#8221;text-blog-norm text-hor-center&#8221; _builder_version=&#8221;4.24.3&#8243; _module_preset=&#8221;default&#8221; custom_padding=&#8221;||||false|false&#8221; global_colors_info=&#8221;{}&#8221;]<\/p>\n<h1 style=\"text-align: center;\">G\u00f6r en donation f\u00f6r att fr\u00e4mja en j\u00e4mlik idrottskultur<\/h1>\n<p><\/p>\n<p style=\"text-align: center;\">De insamlade medlen kommer att anv\u00e4ndas f\u00f6r aktiviteter som direkt p\u00e5verkar funktionshindrade barns och ungdomars idrottande och fysiska aktivitet, st\u00f6d till framtida stj\u00e4rnor samt Special Olympics-verksamhet d\u00e4r personer med utvecklingsst\u00f6rning deltar, deltar i idrottsl\u00e4ger och str\u00e4var efter sina dr\u00f6mmar i internationella t\u00e4vlingar.<\/p>\n<p>[\/et_pb_text][\/et_pb_column][\/et_pb_row][et_pb_row use_custom_gutter=&#8221;on&#8221; gutter_width=&#8221;3&#8243; make_equal=&#8221;on&#8221; module_class=&#8221;donation-buttons-parent&#8221; _builder_version=&#8221;4.27.5&#8243; _module_preset=&#8221;default&#8221; custom_margin=&#8221;||35px||false|false&#8221; hover_enabled=&#8221;0&#8243; global_colors_info=&#8221;{}&#8221; disabled_on=&#8221;on|on|on&#8221; disabled=&#8221;on&#8221; sticky_enabled=&#8221;0&#8243;][et_pb_column type=&#8221;4_4&#8243; _builder_version=&#8221;4.16&#8243; _module_preset=&#8221;default&#8221; global_colors_info=&#8221;{}&#8221;][et_pb_text admin_label=&#8221;Lahjoitus 10e&#8221; module_class=&#8221;donation-text-parent&#8221; _builder_version=&#8221;4.24.3&#8243; _module_preset=&#8221;default&#8221; global_colors_info=&#8221;{}&#8221;]<\/p>\n<p class=\"donation-text-p\">10<span class=\"donation-e\">\u20ac<\/span><\/p>\n<p><\/p>\n<div class=\"donate-button-page\"><a href=\"https:\/\/app.paylink.fi\/checkout\/product\/acaf7dff3098060982?lang=en\" target=\"_blank\";>Donera 10\u20ac<\/a><\/div>\n<p>[\/et_pb_text][et_pb_text admin_label=&#8221;Lahjoitus 20e&#8221; module_class=&#8221;donation-text-parent&#8221; _builder_version=&#8221;4.24.3&#8243; _module_preset=&#8221;default&#8221; global_colors_info=&#8221;{}&#8221;]<\/p>\n<p class=\"donation-text-p\">20<span class=\"donation-e\">\u20ac<\/span><\/p>\n<p><\/p>\n<div class=\"donate-button-page\"><a href=\"https:\/\/app.paylink.fi\/checkout\/product\/7836efc57c1bf5b64a?lang=en\" target=\"_blank\";>Donera 20\u20ac<\/a><\/div>\n<p>[\/et_pb_text][et_pb_text admin_label=&#8221;Lahjoitus 30e&#8221; module_class=&#8221;donation-text-parent&#8221; _builder_version=&#8221;4.24.3&#8243; _module_preset=&#8221;default&#8221; global_colors_info=&#8221;{}&#8221;]<\/p>\n<p class=\"donation-text-p\">30<span class=\"donation-e\">\u20ac<\/span><\/p>\n<p><\/p>\n<div class=\"donate-button-page\"><a href=\"https:\/\/app.paylink.fi\/checkout\/product\/87f2cf08e0ac278edd?lang=en\" target=\"_blank\";>Donera 30\u20ac<\/a><\/div>\n<p>[\/et_pb_text][et_pb_text admin_label=&#8221;Lahjoitus 50e&#8221; module_class=&#8221;donation-text-parent&#8221; _builder_version=&#8221;4.24.3&#8243; _module_preset=&#8221;default&#8221; global_colors_info=&#8221;{}&#8221;]<\/p>\n<p class=\"donation-text-p\">50<span class=\"donation-e\">\u20ac<\/span><\/p>\n<p><\/p>\n<div class=\"donate-button-page\"><a href=\"https:\/\/app.paylink.fi\/checkout\/product\/0fe06470a03274e0a7?lang=en\" target=\"_blank\";>Donera 50\u20ac<\/a><\/div>\n<p>[\/et_pb_text][et_pb_text admin_label=&#8221;Lahjoitus 100e&#8221; module_class=&#8221;donation-text-parent&#8221; _builder_version=&#8221;4.24.3&#8243; _module_preset=&#8221;default&#8221; global_colors_info=&#8221;{}&#8221;]<\/p>\n<p class=\"donation-text-p\">100<span class=\"donation-e\">\u20ac<\/span><\/p>\n<p><\/p>\n<div class=\"donate-button-page\"><a href=\"https:\/\/app.paylink.fi\/checkout\/product\/53db6bd70d1afdaef5?lang=en\" target=\"_blank\";>Donera 100\u20ac<\/a><\/div>\n<p>[\/et_pb_text][\/et_pb_column][\/et_pb_row][\/et_pb_section]<\/p>\n","protected":false},"excerpt":{"rendered":"<p>Donera till framtiden f\u00f6r paraidrottParalympiska fonden, grundad av Finlands Paralympiska Kommitt\u00e9, erbjuder ett nytt s\u00e4tt att rikta l\u00e5ngsiktigt st\u00f6d till finsk paraidrott och fr\u00e4mja m\u00f6jligheterna f\u00f6r personer med funktionsneds\u00e4ttningar att delta i fysisk aktivitet. Donationer som g\u00f6rs med en specifik g\u00e5vokontrakt bidrar till fondens kapital och m\u00f6jligg\u00f6r en fler\u00e5rig effekt, vilket skapar ett arv f\u00f6r [&hellip;]<\/p>\n","protected":false},"author":1,"featured_media":0,"parent":0,"menu_order":0,"comment_status":"closed","ping_status":"closed","template":"","meta":{"_et_pb_use_builder":"on","_et_pb_old_content":"","_et_gb_content_width":"","inline_featured_image":false,"footnotes":""},"class_list":["post-2168","page","type-page","status-publish","hentry"],"yoast_head":"<!-- This site is optimized with the Yoast SEO plugin v27.5 - https:\/\/yoast.com\/product\/yoast-seo-wordpress\/ -->\n<title>G\u00f6r en donation f\u00f6r att fr\u00e4mja en j\u00e4mlik idrottskultur - Paralympiska fonden<\/title>\n<meta name=\"description\" content=\"De insamlade medlen kommer att anv\u00e4ndas f\u00f6r aktiviteter som direkt p\u00e5verkar funktionshindrade barns och ungdomars idrottande och fysiska aktivitet.\" \/>\n<meta name=\"robots\" content=\"index, follow, max-snippet:-1, max-image-preview:large, max-video-preview:-1\" \/>\n<link rel=\"canonical\" href=\"https:\/\/www.paralympiarahasto.fi\/lahjoitus\/\" \/>\n<meta property=\"og:locale\" content=\"sv_SE\" \/>\n<meta property=\"og:type\" content=\"article\" \/>\n<meta property=\"og:title\" content=\"G\u00f6r en donation f\u00f6r att fr\u00e4mja en j\u00e4mlik idrottskultur - Paralympiska fonden\" \/>\n<meta property=\"og:description\" content=\"De insamlade medlen kommer att anv\u00e4ndas f\u00f6r aktiviteter som direkt p\u00e5verkar funktionshindrade barns och ungdomars idrottande och fysiska aktivitet.\" \/>\n<meta property=\"og:url\" content=\"https:\/\/www.paralympiarahasto.fi\/lahjoitus\/\" \/>\n<meta property=\"og:site_name\" content=\"Paralympiarahasto\" \/>\n<meta property=\"article:publisher\" content=\"https:\/\/www.facebook.com\/paralympiakomitea\" \/>\n<meta property=\"article:modified_time\" content=\"2026-01-20T07:12:01+00:00\" \/>\n<meta property=\"og:image\" content=\"https:\/\/www.paralympiarahasto.fi\/wp-content\/uploads\/2021\/03\/Paralympiarahasto-og-img-1024x538.jpg\" \/>\n<meta name=\"twitter:card\" content=\"summary_large_image\" \/>\n<meta name=\"twitter:title\" content=\"G\u00f6r en donation f\u00f6r att fr\u00e4mja en j\u00e4mlik idrottskultur - Paralympiska fonden\" \/>\n<meta name=\"twitter:description\" content=\"De insamlade medlen kommer att anv\u00e4ndas f\u00f6r aktiviteter som direkt p\u00e5verkar funktionshindrade barns och ungdomars idrottande och fysiska aktivitet.\" \/>\n<meta name=\"twitter:image\" content=\"https:\/\/www.paralympiarahasto.fi\/wp-content\/uploads\/2021\/03\/Paralympiarahasto-og-img-1024x538.jpg\" \/>\n<meta name=\"twitter:site\" content=\"@finnparalympic\" \/>\n<meta name=\"twitter:label1\" content=\"Ber\u00e4knad l\u00e4stid\" \/>\n\t<meta name=\"twitter:data1\" content=\"3 minuter\" \/>\n<script type=\"application\/ld+json\" class=\"yoast-schema-graph\">{\"@context\":\"https:\\\/\\\/schema.org\",\"@graph\":[{\"@type\":\"WebPage\",\"@id\":\"https:\\\/\\\/www.paralympiarahasto.fi\\\/lahjoitus\\\/\",\"url\":\"https:\\\/\\\/www.paralympiarahasto.fi\\\/lahjoitus\\\/\",\"name\":\"G\u00f6r en donation f\u00f6r att fr\u00e4mja en j\u00e4mlik idrottskultur - Paralympiska fonden\",\"isPartOf\":{\"@id\":\"https:\\\/\\\/www.paralympiarahasto.fi\\\/#website\"},\"datePublished\":\"2024-04-25T12:53:34+00:00\",\"dateModified\":\"2026-01-20T07:12:01+00:00\",\"description\":\"De insamlade medlen kommer att anv\u00e4ndas f\u00f6r aktiviteter som direkt p\u00e5verkar funktionshindrade barns och ungdomars idrottande och fysiska aktivitet.\",\"breadcrumb\":{\"@id\":\"https:\\\/\\\/www.paralympiarahasto.fi\\\/lahjoitus\\\/#breadcrumb\"},\"inLanguage\":\"sv-SE\",\"potentialAction\":[{\"@type\":\"ReadAction\",\"target\":[\"https:\\\/\\\/www.paralympiarahasto.fi\\\/lahjoitus\\\/\"]}]},{\"@type\":\"BreadcrumbList\",\"@id\":\"https:\\\/\\\/www.paralympiarahasto.fi\\\/lahjoitus\\\/#breadcrumb\",\"itemListElement\":[{\"@type\":\"ListItem\",\"position\":1,\"name\":\"Framsida\",\"item\":\"https:\\\/\\\/www.paralympiarahasto.fi\\\/sv\\\/framsida\\\/\"},{\"@type\":\"ListItem\",\"position\":2,\"name\":\"Donation\"}]},{\"@type\":\"WebSite\",\"@id\":\"https:\\\/\\\/www.paralympiarahasto.fi\\\/#website\",\"url\":\"https:\\\/\\\/www.paralympiarahasto.fi\\\/\",\"name\":\"Paralympiarahasto\",\"description\":\"Ole mukana muutoksen tekij&auml;n&auml;!\",\"publisher\":{\"@id\":\"https:\\\/\\\/www.paralympiarahasto.fi\\\/#organization\"},\"potentialAction\":[{\"@type\":\"SearchAction\",\"target\":{\"@type\":\"EntryPoint\",\"urlTemplate\":\"https:\\\/\\\/www.paralympiarahasto.fi\\\/?s={search_term_string}\"},\"query-input\":{\"@type\":\"PropertyValueSpecification\",\"valueRequired\":true,\"valueName\":\"search_term_string\"}}],\"inLanguage\":\"sv-SE\"},{\"@type\":\"Organization\",\"@id\":\"https:\\\/\\\/www.paralympiarahasto.fi\\\/#organization\",\"name\":\"Suomen Paralympiakomitea ry\",\"url\":\"https:\\\/\\\/www.paralympiarahasto.fi\\\/\",\"logo\":{\"@type\":\"ImageObject\",\"inLanguage\":\"sv-SE\",\"@id\":\"https:\\\/\\\/www.paralympiarahasto.fi\\\/#\\\/schema\\\/logo\\\/image\\\/\",\"url\":\"http:\\\/\\\/paralympiarahasto.fi\\\/wp-content\\\/uploads\\\/2021\\\/08\\\/xsuomen_paralympiakomitea_logo_cmyk_levea-1.png.pagespeed.ic_.aIEbAzOAwG.webp\",\"contentUrl\":\"http:\\\/\\\/paralympiarahasto.fi\\\/wp-content\\\/uploads\\\/2021\\\/08\\\/xsuomen_paralympiakomitea_logo_cmyk_levea-1.png.pagespeed.ic_.aIEbAzOAwG.webp\",\"width\":2000,\"height\":1000,\"caption\":\"Suomen Paralympiakomitea ry\"},\"image\":{\"@id\":\"https:\\\/\\\/www.paralympiarahasto.fi\\\/#\\\/schema\\\/logo\\\/image\\\/\"},\"sameAs\":[\"https:\\\/\\\/www.facebook.com\\\/paralympiakomitea\",\"https:\\\/\\\/x.com\\\/finnparalympic\",\"https:\\\/\\\/www.instagram.com\\\/finnparalympic\\\/\"]}]}<\/script>\n<!-- \/ Yoast SEO plugin. -->","yoast_head_json":{"title":"G\u00f6r en donation f\u00f6r att fr\u00e4mja en j\u00e4mlik idrottskultur - Paralympiska fonden","description":"De insamlade medlen kommer att anv\u00e4ndas f\u00f6r aktiviteter som direkt p\u00e5verkar funktionshindrade barns och ungdomars idrottande och fysiska aktivitet.","robots":{"index":"index","follow":"follow","max-snippet":"max-snippet:-1","max-image-preview":"max-image-preview:large","max-video-preview":"max-video-preview:-1"},"canonical":"https:\/\/www.paralympiarahasto.fi\/lahjoitus\/","og_locale":"sv_SE","og_type":"article","og_title":"G\u00f6r en donation f\u00f6r att fr\u00e4mja en j\u00e4mlik idrottskultur - Paralympiska fonden","og_description":"De insamlade medlen kommer att anv\u00e4ndas f\u00f6r aktiviteter som direkt p\u00e5verkar funktionshindrade barns och ungdomars idrottande och fysiska aktivitet.","og_url":"https:\/\/www.paralympiarahasto.fi\/lahjoitus\/","og_site_name":"Paralympiarahasto","article_publisher":"https:\/\/www.facebook.com\/paralympiakomitea","article_modified_time":"2026-01-20T07:12:01+00:00","og_image":[{"url":"https:\/\/www.paralympiarahasto.fi\/wp-content\/uploads\/2021\/03\/Paralympiarahasto-og-img-1024x538.jpg","type":"","width":"","height":""}],"twitter_card":"summary_large_image","twitter_title":"G\u00f6r en donation f\u00f6r att fr\u00e4mja en j\u00e4mlik idrottskultur - Paralympiska fonden","twitter_description":"De insamlade medlen kommer att anv\u00e4ndas f\u00f6r aktiviteter som direkt p\u00e5verkar funktionshindrade barns och ungdomars idrottande och fysiska aktivitet.","twitter_image":"https:\/\/www.paralympiarahasto.fi\/wp-content\/uploads\/2021\/03\/Paralympiarahasto-og-img-1024x538.jpg","twitter_site":"@finnparalympic","twitter_misc":{"Ber\u00e4knad l\u00e4stid":"3 minuter"},"schema":{"@context":"https:\/\/schema.org","@graph":[{"@type":"WebPage","@id":"https:\/\/www.paralympiarahasto.fi\/lahjoitus\/","url":"https:\/\/www.paralympiarahasto.fi\/lahjoitus\/","name":"G\u00f6r en donation f\u00f6r att fr\u00e4mja en j\u00e4mlik idrottskultur - Paralympiska fonden","isPartOf":{"@id":"https:\/\/www.paralympiarahasto.fi\/#website"},"datePublished":"2024-04-25T12:53:34+00:00","dateModified":"2026-01-20T07:12:01+00:00","description":"De insamlade medlen kommer att anv\u00e4ndas f\u00f6r aktiviteter som direkt p\u00e5verkar funktionshindrade barns och ungdomars idrottande och fysiska aktivitet.","breadcrumb":{"@id":"https:\/\/www.paralympiarahasto.fi\/lahjoitus\/#breadcrumb"},"inLanguage":"sv-SE","potentialAction":[{"@type":"ReadAction","target":["https:\/\/www.paralympiarahasto.fi\/lahjoitus\/"]}]},{"@type":"BreadcrumbList","@id":"https:\/\/www.paralympiarahasto.fi\/lahjoitus\/#breadcrumb","itemListElement":[{"@type":"ListItem","position":1,"name":"Framsida","item":"https:\/\/www.paralympiarahasto.fi\/sv\/framsida\/"},{"@type":"ListItem","position":2,"name":"Donation"}]},{"@type":"WebSite","@id":"https:\/\/www.paralympiarahasto.fi\/#website","url":"https:\/\/www.paralympiarahasto.fi\/","name":"Paralympiarahasto","description":"Ole mukana muutoksen tekij&auml;n&auml;!","publisher":{"@id":"https:\/\/www.paralympiarahasto.fi\/#organization"},"potentialAction":[{"@type":"SearchAction","target":{"@type":"EntryPoint","urlTemplate":"https:\/\/www.paralympiarahasto.fi\/?s={search_term_string}"},"query-input":{"@type":"PropertyValueSpecification","valueRequired":true,"valueName":"search_term_string"}}],"inLanguage":"sv-SE"},{"@type":"Organization","@id":"https:\/\/www.paralympiarahasto.fi\/#organization","name":"Suomen Paralympiakomitea ry","url":"https:\/\/www.paralympiarahasto.fi\/","logo":{"@type":"ImageObject","inLanguage":"sv-SE","@id":"https:\/\/www.paralympiarahasto.fi\/#\/schema\/logo\/image\/","url":"http:\/\/paralympiarahasto.fi\/wp-content\/uploads\/2021\/08\/xsuomen_paralympiakomitea_logo_cmyk_levea-1.png.pagespeed.ic_.aIEbAzOAwG.webp","contentUrl":"http:\/\/paralympiarahasto.fi\/wp-content\/uploads\/2021\/08\/xsuomen_paralympiakomitea_logo_cmyk_levea-1.png.pagespeed.ic_.aIEbAzOAwG.webp","width":2000,"height":1000,"caption":"Suomen Paralympiakomitea ry"},"image":{"@id":"https:\/\/www.paralympiarahasto.fi\/#\/schema\/logo\/image\/"},"sameAs":["https:\/\/www.facebook.com\/paralympiakomitea","https:\/\/x.com\/finnparalympic","https:\/\/www.instagram.com\/finnparalympic\/"]}]}},"_links":{"self":[{"href":"https:\/\/www.paralympiarahasto.fi\/sv\/wp-json\/wp\/v2\/pages\/2168","targetHints":{"allow":["GET"]}}],"collection":[{"href":"https:\/\/www.paralympiarahasto.fi\/sv\/wp-json\/wp\/v2\/pages"}],"about":[{"href":"https:\/\/www.paralympiarahasto.fi\/sv\/wp-json\/wp\/v2\/types\/page"}],"author":[{"embeddable":true,"href":"https:\/\/www.paralympiarahasto.fi\/sv\/wp-json\/wp\/v2\/users\/1"}],"replies":[{"embeddable":true,"href":"https:\/\/www.paralympiarahasto.fi\/sv\/wp-json\/wp\/v2\/comments?post=2168"}],"version-history":[{"count":24,"href":"https:\/\/www.paralympiarahasto.fi\/sv\/wp-json\/wp\/v2\/pages\/2168\/revisions"}],"predecessor-version":[{"id":2483,"href":"https:\/\/www.paralympiarahasto.fi\/sv\/wp-json\/wp\/v2\/pages\/2168\/revisions\/2483"}],"wp:attachment":[{"href":"https:\/\/www.paralympiarahasto.fi\/sv\/wp-json\/wp\/v2\/media?parent=2168"}],"curies":[{"name":"wp","href":"https:\/\/api.w.org\/{rel}","templated":true}]}}